{"id":51,"date":"2026-03-04T13:19:36","date_gmt":"2026-03-04T12:19:36","guid":{"rendered":"https:\/\/berlinzusammen.de\/?page_id=51"},"modified":"2026-04-13T19:36:43","modified_gmt":"2026-04-13T17:36:43","slug":"das-sind-wir","status":"publish","type":"page","link":"https:\/\/berlinzusammen.de\/ar\/das-sind-wir\/","title":{"rendered":"\u0647\u0630\u0627 \u0646\u062d\u0646"},"content":{"rendered":"<div class=\"wp-block-group alignfull bz-section bz-section--green has-contrast-background-color has-background has-global-padding is-content-justification-left is-layout-constrained wp-container-core-group-is-layout-532a9852 wp-block-group-is-layout-constrained\" style=\"padding-top:var(--wp--preset--spacing--80);padding-right:var(--wp--preset--spacing--60);padding-bottom:var(--wp--preset--spacing--80);padding-left:var(--wp--preset--spacing--60)\">\n<div class=\"wp-block-columns is-layout-flex wp-container-core-columns-is-layout-a9574bfe wp-block-columns-is-layout-flex\" style=\"margin-top:0;margin-bottom:0\">\n<div class=\"wp-block-column is-vertically-aligned-top is-layout-flow wp-block-column-is-layout-flow\" style=\"flex-basis:250px\">\n<div class=\"blob-bubble bg-green\">\n  <span class=\"blob-bubble__text bg-green\">\u0647\u0630\u0627 \u0646\u062d\u0646<\/span>\n<\/div>\n<\/div>\n\n\n\n<div class=\"wp-block-column is-vertically-aligned-center is-layout-flow wp-container-core-column-is-layout-f5bb311e wp-block-column-is-layout-flow\">\n<h2 class=\"wp-block-heading has-base-color has-text-color has-link-color has-2-xl-font-size wp-elements-3cdf2e61e4e9537a90b1ffcc1c2f13a0\">\u0627\u0644\u0623\u0634\u062e\u0627\u0635 \u0627\u0644\u0630\u064a\u0646 \u064a\u0642\u0641\u0648\u0646 \u0648\u0631\u0627\u0621 BerlinZusammen.&nbsp;<\/h2>\n\n\n\n<p class=\"has-base-color has-text-color has-link-color wp-elements-51e015e85b08cbd660a2d82c6b6330eb\">\u0646\u062d\u0646 \u0645\u062a\u062d\u062f\u0648\u0646 \u0628\u0641\u0643\u0631\u0629 \u0628\u0631\u0644\u064a\u0646 \u0627\u0644\u062a\u064a \u064a\u0645\u0643\u0646 \u0644\u0644\u062c\u0645\u064a\u0639 \u0627\u0644\u0639\u064a\u0634 \u0641\u064a\u0647\u0627 \u0628\u0634\u0643\u0644 \u062c\u064a\u062f - \u0628\u062a\u0636\u0627\u0645\u0646 \u0648\u062f\u064a\u0645\u0642\u0631\u0627\u0637\u064a\u0629 \u0648\u0631\u0623\u064a \u062d\u0642\u064a\u0642\u064a \u0641\u064a \u0645\u0633\u062a\u0642\u0628\u0644 \u0627\u0644\u0645\u062f\u064a\u0646\u0629. \u0646\u062d\u0646 \u062d\u0645\u0644\u0629 \u0648\u0645\u0646\u0635\u0629 \u0644\u0644\u0645\u062c\u062a\u0645\u0639 \u0627\u0644\u0645\u062f\u0646\u064a \u062a\u0644\u0641\u062a \u0627\u0646\u062a\u0628\u0627\u0647 \u0627\u0644\u0633\u064a\u0627\u0633\u064a\u064a\u0646 \u0628\u0642\u0648\u0629 \u0625\u0644\u0649 \u0631\u063a\u0628\u0627\u062a \u0627\u0644\u0645\u062c\u062a\u0645\u0639 \u0627\u0644\u062d\u0636\u0631\u064a \u0641\u064a \u0627\u0644\u062a\u063a\u064a\u064a\u0631.<\/p>\n\n\n\n<p class=\"has-base-color has-text-color has-link-color wp-elements-a426ebb5207422821baf8cd24d372a41\">\u064a\u0646\u0634\u0637 \u0628\u0639\u0636\u0646\u0627 \u0641\u064a \u0627\u0644\u062d\u0631\u0643\u0627\u062a \u0627\u0644\u0627\u062c\u062a\u0645\u0627\u0639\u064a\u0629 \u0645\u0646\u0630 \u0633\u0646\u0648\u0627\u062a. \u0648\u0627\u0644\u0628\u0639\u0636 \u0627\u0644\u0622\u062e\u0631 \u064a\u0634\u0627\u0631\u0643 \u0644\u0644\u0645\u0631\u0629 \u0627\u0644\u0623\u0648\u0644\u0649. \u0646\u062d\u0646 \u0646\u0639\u062a\u0628\u0631 \u0623\u0646\u0641\u0633\u0646\u0627 \u0645\u0646\u0635\u0629\u064b \u0648\u062f\u0627\u0639\u0645\u064b\u0627 \u0644\u0645\u062e\u062a\u0644\u0641  \u0627\u0644\u0645\u0628\u0627\u062f\u0631\u0627\u062a \u0627\u0644\u0642\u0648\u064a\u0629 \u0627\u0644\u062a\u064a \u0646\u0642\u0648\u0645 \u0628\u0647\u0627 \u0628\u0627\u0644\u0641\u0639\u0644 \u0628\u062d\u0645\u0644\u0627\u062a \u0645\u0646 \u0623\u062c\u0644 \u0627\u0644\u062a\u063a\u064a\u064a\u0631 \u0627\u0644\u0633\u064a\u0627\u0633\u064a \u0644\u0635\u0627\u0644\u062d \u0627\u0644\u0646\u0627\u0633 \u0641\u064a \u0647\u0630\u0647 \u0627\u0644\u0645\u062f\u064a\u0646\u0629. \u0648\u0646\u062d\u0646 \u0646\u0642\u0637\u0629 \u0627\u062a\u0635\u0627\u0644 \u0644\u0644\u0623\u0634\u062e\u0627\u0635 \u0627\u0644\u0630\u064a\u0646 \u0644\u0645 \u064a\u0643\u0648\u0646\u0648\u0627 \u0646\u0627\u0634\u0637\u064a\u0646 \u0641\u064a \u0627\u0644\u0645\u0627\u0636\u064a \u0648\u0644\u0643\u0646\u0647\u0645 \u064a\u0631\u0648\u0646 \u0627\u0644\u0622\u0646 \u0641\u0631\u0635\u0629 \u0644\u0644\u0645\u0633\u0627\u0639\u062f\u0629 \u0641\u064a \u062a\u0634\u0643\u064a\u0644 \u0628\u0631\u0644\u064a\u0646.<\/p>\n\n\n\n<p class=\"has-base-color has-text-color has-link-color wp-elements-c1c42b6c451c352128e77866f47a6445\">\ud83d\udc9a \u0646\u062d\u0646 \u0645\u0646\u0641\u062a\u062d\u0648\u0646 \u0639\u0644\u0649 \u0643\u0644 \u0645\u0646 \u064a\u0634\u0627\u0631\u0643\u0646\u0627 \u0627\u0644\u0631\u063a\u0628\u0629 \u0641\u064a \u0645\u062f\u064a\u0646\u0629 \u0642\u0627\u0626\u0645\u0629 \u0639\u0644\u0649 \u0627\u0644\u062a\u0636\u0627\u0645\u0646 - \u0633\u0648\u0627\u0621 \u0643\u0627\u0646 \u0644\u062f\u064a\u0647 \u062e\u0628\u0631\u0629 \u0633\u064a\u0627\u0633\u064a\u0629 \u0623\u0648 \u0644\u0627.<\/p>\n<\/div>\n<\/div>\n<\/div>\n\n\n\n<div class=\"wp-block-group has-global-padding is-layout-constrained wp-container-core-group-is-layout-c385debf wp-block-group-is-layout-constrained\" style=\"padding-top:var(--wp--preset--spacing--20);padding-right:var(--wp--preset--spacing--20);padding-bottom:var(--wp--preset--spacing--20);padding-left:var(--wp--preset--spacing--20)\"><div class=\"bz-image-gallery wp-block-berlinzusammen-image-gallery\">\n\t\t\t<div\n\t\t\tclass=\"bz-gallery-grid\"\n\t\t\tstyle=\"--bz-gallery-columns: 3;\"\n\t\t>\n\t\t\t\t\t\t<div class=\"bz-gallery-item\">\n\t\t\t\t<img\n\t\t\t\t\tsrc=\"https:\/\/berlinzusammen.de\/wp-content\/uploads\/2026\/03\/BZ-Anab-2026-3-834-Cut-scaled.jpg\"\n\t\t\t\t\talt=\"\"\n\t\t\t\t\tloading=\"lazy\"\n\t\t\t\t\/>\n\t\t\t\t\t\t\t\t<div class=\"bz-gallery-overlay\" aria-hidden=\"true\">\n\t\t\t\t\t<p class=\"bz-gallery-caption\">\u0623\u0646\u0627\u0628<br \/>\n\u0633\u0627\u0628\u064a\u0646<\/p>\n\t\t\t\t<\/div>\n\t\t\t\t\t\t\t<\/div>\n\t\t\t\t\t\t<div class=\"bz-gallery-item\">\n\t\t\t\t<img\n\t\t\t\t\tsrc=\"https:\/\/berlinzusammen.de\/wp-content\/uploads\/2026\/03\/BerlinZu-Raphael-Verena-Cut-scaled.jpg\"\n\t\t\t\t\talt=\"\"\n\t\t\t\t\tloading=\"lazy\"\n\t\t\t\t\/>\n\t\t\t\t\t\t\t\t<div class=\"bz-gallery-overlay\" aria-hidden=\"true\">\n\t\t\t\t\t<p class=\"bz-gallery-caption\">\u0631\u0627\u0641\u0627\u0626\u064a\u0644<br \/>\n\u0641\u064a\u0631\u064a\u0646\u0627<\/p>\n\t\t\t\t<\/div>\n\t\t\t\t\t\t\t<\/div>\n\t\t\t\t\t\t<div class=\"bz-gallery-item\">\n\t\t\t\t<img\n\t\t\t\t\tsrc=\"https:\/\/berlinzusammen.de\/wp-content\/uploads\/2026\/03\/BerlinZu-Lisa-Bob-2-Cut-scaled.jpg\"\n\t\t\t\t\talt=\"\"\n\t\t\t\t\tloading=\"lazy\"\n\t\t\t\t\/>\n\t\t\t\t\t\t\t\t<div class=\"bz-gallery-overlay\" aria-hidden=\"true\">\n\t\t\t\t\t<p class=\"bz-gallery-caption\">\u0628\u0648\u0628<br \/>\n\u0644\u064a\u0632\u0627<\/p>\n\t\t\t\t<\/div>\n\t\t\t\t\t\t\t<\/div>\n\t\t\t\t\t\t<div class=\"bz-gallery-item\">\n\t\t\t\t<img\n\t\t\t\t\tsrc=\"https:\/\/berlinzusammen.de\/wp-content\/uploads\/2026\/03\/BerlinZu-Lena-Kalle-Cut-scaled.jpg\"\n\t\t\t\t\talt=\"\"\n\t\t\t\t\tloading=\"lazy\"\n\t\t\t\t\/>\n\t\t\t\t\t\t\t\t<div class=\"bz-gallery-overlay\" aria-hidden=\"true\">\n\t\t\t\t\t<p class=\"bz-gallery-caption\">\u0644\u064a\u0646\u0627<br \/>\n\u0643\u0627\u0644\u064a<\/p>\n\t\t\t\t<\/div>\n\t\t\t\t\t\t\t<\/div>\n\t\t\t\t\t\t<div class=\"bz-gallery-item\">\n\t\t\t\t<img\n\t\t\t\t\tsrc=\"https:\/\/berlinzusammen.de\/wp-content\/uploads\/2026\/03\/BerlinZu-Kessy-Stephan-Cut-scaled.jpg\"\n\t\t\t\t\talt=\"\"\n\t\t\t\t\tloading=\"lazy\"\n\t\t\t\t\/>\n\t\t\t\t\t\t\t\t<div class=\"bz-gallery-overlay\" aria-hidden=\"true\">\n\t\t\t\t\t<p class=\"bz-gallery-caption\">\u0643\u064a\u0633\u064a<br \/>\n\u0633\u062a\u064a\u0641\u0627\u0646<\/p>\n\t\t\t\t<\/div>\n\t\t\t\t\t\t\t<\/div>\n\t\t\t\t\t\t<div class=\"bz-gallery-item\">\n\t\t\t\t<img\n\t\t\t\t\tsrc=\"https:\/\/berlinzusammen.de\/wp-content\/uploads\/2026\/03\/BerlinZu-Jess-Katha-Cut-scaled.jpg\"\n\t\t\t\t\talt=\"\"\n\t\t\t\t\tloading=\"lazy\"\n\t\t\t\t\/>\n\t\t\t\t\t\t\t\t<div class=\"bz-gallery-overlay\" aria-hidden=\"true\">\n\t\t\t\t\t<p class=\"bz-gallery-caption\">\u062c\u064a\u0633<br \/>\n\u0643\u0627\u062a\u0627\u0631\u064a\u0646\u0627<\/p>\n\t\t\t\t<\/div>\n\t\t\t\t\t\t\t<\/div>\n\t\t\t\t\t\t<div class=\"bz-gallery-item\">\n\t\t\t\t<img\n\t\t\t\t\tsrc=\"https:\/\/berlinzusammen.de\/wp-content\/uploads\/2026\/03\/BerlinZu-Jacque-Edgar-Cut-scaled.jpg\"\n\t\t\t\t\talt=\"\"\n\t\t\t\t\tloading=\"lazy\"\n\t\t\t\t\/>\n\t\t\t\t\t\t\t\t<div class=\"bz-gallery-overlay\" aria-hidden=\"true\">\n\t\t\t\t\t<p class=\"bz-gallery-caption\">\u0625\u062f\u063a\u0627\u0631<br \/>\n\u062c\u0627\u0643<\/p>\n\t\t\t\t<\/div>\n\t\t\t\t\t\t\t<\/div>\n\t\t\t\t\t\t<div class=\"bz-gallery-item\">\n\t\t\t\t<img\n\t\t\t\t\tsrc=\"https:\/\/berlinzusammen.de\/wp-content\/uploads\/2026\/03\/BerlinZu-Ceren-Sabine-Cut-scaled.jpg\"\n\t\t\t\t\talt=\"\"\n\t\t\t\t\tloading=\"lazy\"\n\t\t\t\t\/>\n\t\t\t\t\t\t\t\t<div class=\"bz-gallery-overlay\" aria-hidden=\"true\">\n\t\t\t\t\t<p class=\"bz-gallery-caption\">\u0633\u0627\u0628\u064a\u0646<br \/>\n\u0633\u064a\u0631\u064a\u0646<\/p>\n\t\t\t\t<\/div>\n\t\t\t\t\t\t\t<\/div>\n\t\t\t\t\t\t<div class=\"bz-gallery-item bz-gallery-item--more\" aria-hidden=\"true\">\n\t\t\t\t<span>\u0648\u063a\u064a\u0631\u0647\u0627 \u0627\u0644\u0643\u062b\u064a\u0631 ...<\/span>\n\t\t\t<\/div>\n\t\t<\/div>\n\t<\/div>\n<\/div>","protected":false},"excerpt":{"rendered":"<p>Das sind wir Die Menschen hinter BerlinZusammen.&nbsp; Uns verbindet die Vorstellung eines Berlins, in dem alle Menschen gut leben k\u00f6nnen \u2013 solidarisch, demokratisch und mit echter Mitsprache \u00fcber die Zukunft der Stadt. Wir sind eine zivilgesellschaftliche Kampagne und Plattform, die die Ver\u00e4nderungsw\u00fcnsche der Stadtgesellschaft kraftvoll an die Politik herantr\u00e4gt. Einige von uns sind seit Jahren [&hellip;]<\/p>\n","protected":false},"author":1,"featured_media":0,"parent":0,"menu_order":0,"comment_status":"closed","ping_status":"closed","template":"","meta":{"_acf_changed":false,"footnotes":""},"class_list":["post-51","page","type-page","status-publish","hentry"],"acf":[],"_links":{"self":[{"href":"https:\/\/berlinzusammen.de\/ar\/wp-json\/wp\/v2\/pages\/51","targetHints":{"allow":["GET"]}}],"collection":[{"href":"https:\/\/berlinzusammen.de\/ar\/wp-json\/wp\/v2\/pages"}],"about":[{"href":"https:\/\/berlinzusammen.de\/ar\/wp-json\/wp\/v2\/types\/page"}],"author":[{"embeddable":true,"href":"https:\/\/berlinzusammen.de\/ar\/wp-json\/wp\/v2\/users\/1"}],"replies":[{"embeddable":true,"href":"https:\/\/berlinzusammen.de\/ar\/wp-json\/wp\/v2\/comments?post=51"}],"version-history":[{"count":6,"href":"https:\/\/berlinzusammen.de\/ar\/wp-json\/wp\/v2\/pages\/51\/revisions"}],"predecessor-version":[{"id":318,"href":"https:\/\/berlinzusammen.de\/ar\/wp-json\/wp\/v2\/pages\/51\/revisions\/318"}],"wp:attachment":[{"href":"https:\/\/berlinzusammen.de\/ar\/wp-json\/wp\/v2\/media?parent=51"}],"curies":[{"name":"wp","href":"https:\/\/api.w.org\/{rel}","templated":true}]}}