{"id":45,"date":"2026-03-04T13:18:30","date_gmt":"2026-03-04T12:18:30","guid":{"rendered":"https:\/\/berlinzusammen.de\/?page_id=45"},"modified":"2026-03-09T08:03:00","modified_gmt":"2026-03-09T07:03:00","slug":"impressum","status":"publish","type":"page","link":"https:\/\/berlinzusammen.de\/pl\/impressum\/","title":{"rendered":"Nadruk"},"content":{"rendered":"<div class=\"wp-block-group is-vertical is-layout-flex wp-container-core-group-is-layout-c35747d5 wp-block-group-is-layout-flex\"><h2 class=\"wp-block-post-title\">Nadruk<\/h2>\n\n\n<h4 class=\"wp-block-heading\">Adres pocztowy<\/h4>\n\n\n\n<p>BerlinZusammen e.V.<br>Audre-Lorde-Str. 26<br>10997 Berlin<br>Niemcy<\/p>\n\n\n\n<h4 class=\"wp-block-heading\">Kontakt dla prasy<\/h4>\n\n\n\n<p>E-mail: presse (at) berlinzusammen.de<\/p>\n\n\n\n<h4 class=\"wp-block-heading\">Odpowiedzialno\u015b\u0107 za tre\u015b\u0107<\/h4>\n\n\n\n<p>Zawarto\u015b\u0107 naszych stron zosta\u0142a stworzona z najwi\u0119ksz\u0105 staranno\u015bci\u0105. Nie mo\u017cemy jednak ponosi\u0107 odpowiedzialno\u015bci za dok\u0142adno\u015b\u0107, kompletno\u015b\u0107 i aktualno\u015b\u0107 tre\u015bci. Jako dostawca us\u0142ug jeste\u015bmy odpowiedzialni za w\u0142asne tre\u015bci na tych stronach zgodnie z \u00a7 7 ust. 1 TMG (niemiecka ustawa o telemediach) i og\u00f3lnymi przepisami prawa. Zgodnie z \u00a7\u00a7 8 do 10 TMG jako us\u0142ugodawca nie jeste\u015bmy jednak zobowi\u0105zani do monitorowania przesy\u0142anych lub przechowywanych informacji os\u00f3b trzecich ani do badania okoliczno\u015bci wskazuj\u0105cych na nielegaln\u0105 dzia\u0142alno\u015b\u0107. Nie ma to wp\u0142ywu na obowi\u0105zek usuni\u0119cia lub zablokowania korzystania z informacji zgodnie z og\u00f3lnymi przepisami prawa. Odpowiedzialno\u015b\u0107 w tym zakresie jest jednak mo\u017cliwa dopiero od momentu powzi\u0119cia informacji o konkretnym naruszeniu. Gdy tylko dowiemy si\u0119 o takich naruszeniach, niezw\u0142ocznie usuniemy te tre\u015bci.<\/p>\n\n\n\n<h4 class=\"wp-block-heading\">Odpowiedzialno\u015b\u0107 za linki<\/h4>\n\n\n\n<p>Nasza witryna internetowa zawiera \u0142\u0105cza do zewn\u0119trznych witryn internetowych os\u00f3b trzecich, na kt\u00f3rych tre\u015b\u0107 nie mamy wp\u0142ywu. W zwi\u0105zku z tym nie mo\u017cemy ponosi\u0107 \u017cadnej odpowiedzialno\u015bci za tre\u015bci stron trzecich. Odpowiedni dostawca lub operator stron jest zawsze odpowiedzialny za tre\u015b\u0107 stron, do kt\u00f3rych prowadz\u0105 linki. Po\u0142\u0105czone strony zosta\u0142y sprawdzone pod k\u0105tem mo\u017cliwych narusze\u0144 prawa w momencie \u0142\u0105czenia. Nielegalne tre\u015bci nie zosta\u0142y rozpoznane w momencie linkowania. Sta\u0142e monitorowanie tre\u015bci stron, do kt\u00f3rych prowadz\u0105 linki, nie jest jednak uzasadnione bez konkretnych dowod\u00f3w naruszenia prawa. Je\u015bli dowiemy si\u0119 o jakichkolwiek naruszeniach prawa, niezw\u0142ocznie usuniemy takie linki.<\/p>\n\n\n\n<h4 class=\"wp-block-heading\">Prawa autorskie<\/h4>\n\n\n\n<p>Tre\u015bci i dzie\u0142a stworzone przez operator\u00f3w witryn na tych stronach podlegaj\u0105 niemieckiemu prawu autorskiemu. Powielanie, przetwarzanie, rozpowszechnianie i wszelkiego rodzaju wykorzystywanie poza granicami prawa autorskiego wymaga pisemnej zgody odpowiedniego autora lub tw\u00f3rcy. Pobieranie i kopiowanie tej strony jest dozwolone wy\u0142\u0105cznie do prywatnego, niekomercyjnego u\u017cytku. O ile tre\u015bci na tej stronie nie zosta\u0142y stworzone przez operatora, prawa autorskie os\u00f3b trzecich s\u0105 przestrzegane. W szczeg\u00f3lno\u015bci tre\u015bci os\u00f3b trzecich s\u0105 oznaczone jako takie. Je\u015bli mimo to dowiesz si\u0119 o naruszeniu praw autorskich, poinformuj nas o tym. Je\u015bli dowiemy si\u0119 o jakichkolwiek naruszeniach, niezw\u0142ocznie usuniemy takie tre\u015bci.<\/p>\n<\/div>","protected":false},"excerpt":{"rendered":"<p>Postanschrift BerlinZusammen e.V.Audre-Lorde-Str. 2610997 BerlinDeutschland Pressekontakt E-Mail: presse (at) berlinzusammen.de Haftung f\u00fcr Inhalte Die Inhalte unserer Seiten wurden mit gr\u00f6\u00dfter Sorgfalt erstellt. F\u00fcr die Richtigkeit, Vollst\u00e4ndigkeit und Aktualit\u00e4t der Inhalte k\u00f6nnen wir jedoch keine Gew\u00e4hr \u00fcbernehmen. Als Diensteanbieter sind wir gem\u00e4\u00df \u00a7 7 Abs.1 TMG f\u00fcr eigene Inhalte auf diesen Seiten nach den allgemeinen Gesetzen [&hellip;]<\/p>\n","protected":false},"author":1,"featured_media":0,"parent":0,"menu_order":0,"comment_status":"closed","ping_status":"closed","template":"","meta":{"_acf_changed":false,"footnotes":""},"class_list":["post-45","page","type-page","status-publish","hentry"],"acf":[],"_links":{"self":[{"href":"https:\/\/berlinzusammen.de\/pl\/wp-json\/wp\/v2\/pages\/45","targetHints":{"allow":["GET"]}}],"collection":[{"href":"https:\/\/berlinzusammen.de\/pl\/wp-json\/wp\/v2\/pages"}],"about":[{"href":"https:\/\/berlinzusammen.de\/pl\/wp-json\/wp\/v2\/types\/page"}],"author":[{"embeddable":true,"href":"https:\/\/berlinzusammen.de\/pl\/wp-json\/wp\/v2\/users\/1"}],"replies":[{"embeddable":true,"href":"https:\/\/berlinzusammen.de\/pl\/wp-json\/wp\/v2\/comments?post=45"}],"version-history":[{"count":0,"href":"https:\/\/berlinzusammen.de\/pl\/wp-json\/wp\/v2\/pages\/45\/revisions"}],"wp:attachment":[{"href":"https:\/\/berlinzusammen.de\/pl\/wp-json\/wp\/v2\/media?parent=45"}],"curies":[{"name":"wp","href":"https:\/\/api.w.org\/{rel}","templated":true}]}}