{"id":3,"date":"2026-03-03T19:15:47","date_gmt":"2026-03-03T18:15:47","guid":{"rendered":"https:\/\/berlinzusammen.de\/?page_id=3"},"modified":"2026-04-07T09:10:13","modified_gmt":"2026-04-07T07:10:13","slug":"datenschutzerklaerung","status":"publish","type":"page","link":"https:\/\/berlinzusammen.de\/ro\/datenschutzerklaerung\/","title":{"rendered":"Politica de confiden\u021bialitate"},"content":{"rendered":"<div class=\"wp-block-group is-vertical is-layout-flex wp-container-core-group-is-layout-c35747d5 wp-block-group-is-layout-flex\"><h2 class=\"wp-block-post-title\">Politica de confiden\u021bialitate<\/h2>\n\n\n<h4 class=\"wp-block-heading\">1. organism responsabil<\/h4>\n\n\n\n<p>Responsabil pentru prelucrarea datelor pe acest site este<\/p>\n\n\n\n<p>BerlinZusammen e.V.<br>Audre-Lorde-Str. 26<br>10997 Berlin<br>Germania<\/p>\n\n\n\n<p>E-mail: info (at) berlinzusammen.de<\/p>\n\n\n\n<p>Asocia\u021bia este reprezentat\u0103 de consiliul executiv.<\/p>\n\n\n\n<h4 class=\"wp-block-heading\">2. informa\u021bii generale privind prelucrarea datelor<\/h4>\n\n\n\n<p>Protec\u021bia datelor dvs. personale este important\u0103 pentru noi. Trat\u0103m datele dumneavoastr\u0103 cu caracter personal \u00een mod confiden\u021bial \u0219i \u00een conformitate cu reglement\u0103rile legale privind protec\u021bia datelor, \u00een special Regulamentul general privind protec\u021bia datelor (GDPR) \u0219i Legea privind protec\u021bia datelor \u00een domeniul serviciilor digitale de telecomunica\u021bii (TTDSG).<\/p>\n\n\n\n<p>Datele cu caracter personal sunt toate datele cu ajutorul c\u0103rora pute\u021bi fi identificat personal.<\/p>\n\n\n\n<h4 class=\"wp-block-heading\">3. colectarea datelor atunci c\u00e2nd vizita\u021bi site-ul web<\/h4>\n\n\n\n<p>Atunci c\u00e2nd vizita\u021bi site-ul nostru, informa\u021biile sunt colectate automat de furnizorul de g\u0103zduire \u0219i stocate \u00een a\u0219a-numitele fi\u0219iere jurnal ale serverului. Acestea sunt \u00een special<\/p>\n\n\n\n<ul class=\"wp-block-list\">\n<li>Adresa IP<\/li>\n\n\n\n<li>Data \u0219i ora solicit\u0103rii de informa\u021bii<\/li>\n\n\n\n<li>Tipul \u0219i versiunea browserului<\/li>\n\n\n\n<li>Sistemul de operare utilizat<\/li>\n\n\n\n<li>Referitor URL<\/li>\n\n\n\n<li>Numele gazdei computerului de accesare<\/li>\n<\/ul>\n\n\n\n<p>Aceste date nu sunt atribuite unor persoane specifice.<\/p>\n\n\n\n<p>Prelucrarea are loc pe baza <strong>Art. 6 alin. 1 lit. f GDPR<\/strong> (interes legitim) pentru a asigura func\u021bionarea stabil\u0103 \u0219i sigur\u0103 a site-ului.<\/p>\n\n\n\n<h4 class=\"wp-block-heading\">4. g\u0103zduirea site-ului web<\/h4>\n\n\n\n<p>Acest site a fost creat cu <strong>WordPress<\/strong> creat.<\/p>\n\n\n\n<p>Site-ul este g\u0103zduit de:<\/p>\n\n\n\n<p>STRATO AG<br>Otto-Ostrowski-Strasse 7<br>10249 Berlin<br>Germania<\/p>\n\n\n\n<p>Furnizorul de servicii de g\u0103zduire prelucreaz\u0103 datele cu caracter personal exclusiv \u00een cadrul unei <strong>Acord de prelucrare a datelor \u00een conformitate cu art. 28 din GDPR<\/strong>.<\/p>\n\n\n\n<p>Informa\u021bii suplimentare privind prelucrarea datelor de c\u0103tre STRATO pot fi g\u0103site la adresa:<br><a href=\"https:\/\/www.strato.de\/datenschutz\/\">https:\/\/www.strato.de\/datenschutz\/<\/a><\/p>\n\n\n\n<h4 class=\"wp-block-heading\">5. stabilirea contactului<\/h4>\n\n\n\n<p>Dac\u0103 ne contacta\u021bi prin e-mail sau prin intermediul unui formular de contact, datele pe care le furniza\u021bi (de exemplu, numele, adresa de e-mail \u0219i mesajul) vor fi stocate pentru a procesa solicitarea dumneavoastr\u0103.<\/p>\n\n\n\n<p>Prelucrarea are loc pe baza:<\/p>\n\n\n\n<ul class=\"wp-block-list\">\n<li><strong>Art. 6 alin. 1 lit. b GDPR<\/strong>, \u00een cazul \u00een care solicitarea dumneavoastr\u0103 este legat\u0103 de ini\u021bierea sau executarea unui contract<\/li>\n\n\n\n<li><strong>Art. 6 alin. 1 lit. f GDPR<\/strong>, \u00een cazul \u00een care exist\u0103 un interes legitim \u00een prelucrarea cererii dumneavoastr\u0103<\/li>\n<\/ul>\n\n\n\n<p>Datele vor fi \u0219terse de \u00eendat\u0103 ce nu mai sunt necesare \u00een scopul prelucr\u0103rii \u0219i nu exist\u0103 nicio obliga\u021bie legal\u0103 de a le p\u0103stra.<\/p>\n\n\n\n<p>Dac\u0103 pe acest site web este utilizat un formular de contact, furnizarea tehnic\u0103 are loc prin intermediul urm\u0103torului plugin WordPress:<\/p>\n\n\n\n<ul class=\"wp-block-list\">\n<li>Formular de contact 7<\/li>\n\n\n\n<li>Brevo<\/li>\n<\/ul>\n\n\n\n<h5 class=\"wp-block-heading has-large-font-size\">5.1 mosparo<\/h5>\n\n\n\n<p>Utiliz\u0103m mosparo.io (denumit \u00een continuare \u201emosparo\u201c) pe acest site web. mosparo este un software open source care este disponibil sub&nbsp;<a href=\"https:\/\/opensource.org\/licenses\/MIT\">Licen\u021b\u0103 MIT<\/a>&nbsp;este distribuit. Serviciile mosparo sunt operate pe servere gestionate de operatorul site-ului.<\/p>\n\n\n\n<p>Scopul mosparo este de a verifica dac\u0103 datele sunt introduse pe acest site web (de exemplu, \u00eentr-un formular de contact) de c\u0103tre un om sau de c\u0103tre un program automat. Pentru a face acest lucru, mosparo analizeaz\u0103 comportamentul vizitatorului site-ului web pe baza diferitelor caracteristici.<\/p>\n\n\n\n<p>Aceast\u0103 analiz\u0103 \u00eencepe \u00een mod automat de \u00eendat\u0103 ce vizitatorul site-ului web intr\u0103 pe un site web cu mosparo activat. Pentru a analiza acest lucru, mosparo evalueaz\u0103 diferite informa\u021bii (de exemplu, adresa IP, timpul petrecut pe site-ul web de c\u0103tre vizitatorul site-ului web sau mi\u0219c\u0103rile mouse-ului efectuate de utilizator). Datele colectate \u00een timpul analizei sunt transmise c\u0103tre serverul mosparo \u00een form\u0103 criptat\u0103.<\/p>\n\n\n\n<p>Datele sunt stocate \u0219i analizate pe baza art. 6 alin. 1 lit. f GDPR. Operatorul site-ului are un interes legitim \u00een protejarea site-ului s\u0103u \u00eempotriva spionajului automat abuziv \u0219i a SPAM-ului. \u00cen cazul \u00een care a fost solicitat un consim\u021b\u0103m\u00e2nt corespunz\u0103tor, prelucrarea se efectueaz\u0103 exclusiv pe baza art. 6 alin. 1 lit. a GDPR \u0219i \u00a7 25 alin. 1 TTDSG, \u00een m\u0103sura \u00een care consim\u021b\u0103m\u00e2ntul include stocarea de cookie-uri sau accesul la informa\u021bii \u00een dispozitivul terminal al utilizatorului (de exemplu, amprentarea dispozitivului) \u00een sensul TTDSG. Consim\u021b\u0103m\u00e2ntul poate fi revocat \u00een orice moment.<\/p>\n\n\n\n<p>Informa\u021bii suplimentare despre mosparo pot fi g\u0103site pe site-ul web:&nbsp;<a href=\"https:\/\/mosparo.io\/about-mosparo\/\">https:\/\/mosparo.io\/about-mosparo\/<\/a><\/p>\n\n\n\n<h4 class=\"wp-block-heading\">Al 6-lea buletin informativ<\/h4>\n\n\n\n<p>Dac\u0103 v\u0103 abona\u021bi la buletinul nostru informativ, vom utiliza adresa dvs. de e-mail numai pentru a v\u0103 trimite buletinul informativ.<\/p>\n\n\n\n<p>Trimiterea are loc prin intermediul serviciului <strong>Brevo<\/strong> (anterior Sendinblue).<\/p>\n\n\n\n<p>Furnizor:<br>Sendinblue GmbH<br>Strada K\u00f6penicker 126<br>10179 Berlin<br>Germania<\/p>\n\n\n\n<p>Brevo ne permite s\u0103 organiz\u0103m \u0219i s\u0103 analiz\u0103m trimiterea de buletine informative. Datele pe care le introduce\u021bi \u00een scopul abon\u0103rii la newsletter sunt stocate pe serverele Brevo.<\/p>\n\n\n\n<p>Expedierea are loc pe baza datelor dvs. <strong>Consim\u021b\u0103m\u00e2nt \u00een conformitate cu art. 6 alin. 1 lit. a GDPR<\/strong>.<\/p>\n\n\n\n<p>V\u0103 pute\u021bi revoca consim\u021b\u0103m\u00e2ntul \u00een orice moment, de exemplu prin intermediul linkului de dezabonare din buletinul informativ.<\/p>\n\n\n\n<p>Informa\u021bii suplimentare privind prelucrarea datelor de c\u0103tre Brevo pot fi g\u0103site la adresa:<br><a href=\"https:\/\/www.brevo.com\/de\/legal\/privacypolicy\/\">https:\/\/www.brevo.com\/de\/legal\/privacypolicy\/<\/a><\/p>\n\n\n\n<h4 class=\"wp-block-heading\">7. cookie-uri<\/h4>\n\n\n\n<p>Unsere Website kann technische und optionale Cookies verwenden. Cookies sind kleine Textdateien, die auf Ihrem Endger\u00e4t gespeichert werden.<\/p>\n\n\n\n<p>Se face o distinc\u021bie \u00eentre:<\/p>\n\n\n\n<p><strong>Module cookie necesare din punct de vedere tehnic<\/strong><strong><br><\/strong>Acestea sunt necesare pentru a asigura func\u021biile de baz\u0103 ale site-ului.<\/p>\n\n\n\n<p><strong>Cookie-uri op\u021bionale<\/strong><strong><br><\/strong>Acestea sunt utilizate pentru analize statistice sau func\u021bii practice, de exemplu.<\/p>\n\n\n\n<p>Cookie-urile necesare din punct de vedere tehnic sunt stocate pe baza <strong>\u00a725 alin. 2 TTDSG \u0219i art. 6 alin. 1 lit. f GDPR<\/strong> salvat. <\/p>\n\n\n\n<p>Zur Verwaltung der eingesetzten Cookies und \u00e4hnlichen Technologien (Tracking-Pixel, Web-Beacons etc.) und diesbez\u00fcglicher Einwilligungen setzen wir das Consent Tool &#8222;Real Cookie Banner&#8220; ein. Details zur Funktionsweise von &#8222;Real Cookie Banner&#8220; findest du unter <a href=\"https:\/\/devowl.io\/de\/rcb\/datenverarbeitung\/\" target=\"_blank\" rel=\"noreferrer noopener\">https:\/\/devowl.io\/de\/rcb\/datenverarbeitung\/<\/a>.<\/p>\n\n\n\n<p>Rechtsgrundlagen f\u00fcr die Verarbeitung von personenbezogenen Daten in diesem Zusammenhang sind Art. 6 Abs. 1 lit. c DS-GVO und Art. 6 Abs. 1 lit. f DS-GVO. Unser berechtigtes Interesse ist die Verwaltung der eingesetzten Cookies und \u00e4hnlichen Technologien und der diesbez\u00fcglichen Einwilligungen.<\/p>\n\n\n\n<p>Die Bereitstellung der personenbezogenen Daten ist weder vertraglich vorgeschrieben noch f\u00fcr den Abschluss eines Vertrages notwendig. Du bist nicht verpflichtet die personenbezogenen Daten bereitzustellen. Wenn du die personenbezogenen Daten nicht bereitstellst, k\u00f6nnen wir deine Einwilligungen nicht verwalten.<\/p>\n\n\n\n<h4 class=\"wp-block-heading\">8. prezen\u021be \u00een social media<\/h4>\n\n\n\n<p>BerlinZusammen e.V. men\u021bine profiluri publice pe re\u021belele sociale pentru a furniza informa\u021bii despre activitatea noastr\u0103 \u0219i pentru a comunica cu p\u0103r\u021bile interesate.<\/p>\n\n\n\n<p>Atunci c\u00e2nd vizita\u021bi paginile noastre de social media, datele cu caracter personal pot fi prelucrate de operatorii platformelor. Acestea pot include, printre altele:<\/p>\n\n\n\n<ul class=\"wp-block-list\">\n<li>Adresa IP<\/li>\n\n\n\n<li>Comportament de utilizare<\/li>\n\n\n\n<li>Interac\u021biuni (de exemplu, aprecieri sau comentarii)<\/li>\n\n\n\n<li>Informa\u021bii tehnice despre dispozitivul utilizat<\/li>\n<\/ul>\n\n\n\n<p>Aceast\u0103 prelucrare a datelor este responsabilitatea operatorului platformei respective.<\/p>\n\n\n\n<p>Informa\u021bii suplimentare pot fi g\u0103site \u00een politicile de confiden\u021bialitate ale furnizorilor respectivi:<\/p>\n\n\n\n<p>Instagram<br><a href=\"https:\/\/privacycenter.instagram.com\/\">https:\/\/privacycenter.instagram.com\/<\/a><\/p>\n\n\n\n<p>LinkedIn<br><a href=\"https:\/\/www.linkedin.com\/legal\/privacy-policy\">https:\/\/www.linkedin.com\/legal\/privacy-policy<\/a><\/p>\n\n\n\n<p>Bluesky<br><a href=\"https:\/\/bsky.social\/about\/support\/privacy-policy\">https:\/\/bsky.social\/about\/support\/privacy-policy<\/a><\/p>\n\n\n\n<p>\u00cen cazul \u00een care comunica\u021bi cu noi prin intermediul re\u021belelor de socializare, prelucr\u0103m datele pe care ni le furniza\u021bi exclusiv \u00een scopul prelucr\u0103rii \u00eentreb\u0103rii sau comentariului dumneavoastr\u0103.<\/p>\n\n\n\n<h4 class=\"wp-block-heading\">9. integrarea videoclipurilor YouTube<\/h4>\n\n\n\n<p>Clipurile video de pe platforma YouTube pot fi \u00eencorporate pe site-ul nostru web.<\/p>\n\n\n\n<p>furnizorul este:<br>Google Ireland Limited<br>Gordon House, Barrow Street<br>Dublin 4<br>Irlanda<\/p>\n\n\n\n<p>Integrarea are loc \u00een modul extins de protec\u021bie a datelor (\u201eyoutube-nocookie\u201c). Conform YouTube, acest lucru \u00eenseamn\u0103 c\u0103 ini\u021bial nu sunt stocate informa\u021bii despre vizitatorii acestui site web.<\/p>\n\n\n\n<p>O conexiune la serverele YouTube poate fi stabilit\u0103 numai atunci c\u00e2nd reda\u021bi activ un videoclip. YouTube poate primi apoi informa\u021bii despre paginile noastre pe care le-a\u021bi vizitat.<\/p>\n\n\n\n<p>Dac\u0103 sunte\u021bi conectat la contul dvs. YouTube, permite\u021bi YouTube s\u0103 atribuie comportamentul dvs. de navigare direct profilului dvs. personal.<\/p>\n\n\n\n<p>Utilizarea YouTube este \u00een interesul unei prezent\u0103ri atractive a ofertelor noastre online. Aceasta constituie un interes legitim \u00een sensul art. 6 alin. 1 lit. f GDPR.<\/p>\n\n\n\n<p>Informa\u021bii suplimentare privind protec\u021bia datelor la YouTube pot fi g\u0103site la adresa:<br><a href=\"https:\/\/policies.google.com\/privacy\">https:\/\/policies.google.com\/privacy<\/a><\/p>\n\n\n\n<h4 class=\"wp-block-heading\">10. Einbindung von <strong>Vimeo<\/strong>-Videos<\/h4>\n\n\n\n<p>Auf unserer Website binden wir Videos des Videoportals Vimeo ein. Betreiber des Videoportals ist Vimeo Inc., 555 West 18th Street, New York, New York 10011, USA.<\/p>\n\n\n\n<p>Wenn Sie eine unserer Seiten besuchen, auf der ein Vimeo-Video eingebettet ist, wird eine Verbindung zu den Servern von Vimeo hergestellt. Dabei wird dem Vimeo-Server mitgeteilt, welche unserer Seiten Sie besucht haben. Zudem erlangt Vimeo Ihre IP-Adresse. Dies gilt auch dann, wenn Sie nicht bei Vimeo eingeloggt sind oder kein Konto bei Vimeo besitzen.<\/p>\n\n\n\n<p>Die von Vimeo erfassten Informationen werden an den Vimeo-Server in den USA \u00fcbermittelt. Rechtsgrundlage f\u00fcr die Datenverarbeitung ist Art. 6 Abs. 1 lit. a DSGVO (Einwilligung) sowie Art. 6 Abs. 1 lit. f DSGVO (berechtigtes Interesse an einer ansprechenden Darstellung unserer Online-Angebote).<\/p>\n\n\n\n<p>Vimeo verwendet Cookies bzw. vergleichbare Wiedererkennungstechnologien (z. B. Device-Fingerprinting), um Websitebesucher wiederzuerkennen.<\/p>\n\n\n\n<p>Wenn Sie in Ihrem Vimeo-Account eingeloggt sind, erm\u00f6glichen Sie Vimeo, Ihr Surfverhalten direkt Ihrem pers\u00f6nlichen Profil zuzuordnen. Dies k\u00f6nnen Sie verhindern, indem Sie sich aus Ihrem Vimeo-Account ausloggen.<\/p>\n\n\n\n<p>Die Daten\u00fcbertragung in die USA wird auf die Standardvertragsklauseln der EU-Kommission gest\u00fctzt. Details finden Sie hier: <a href=\"https:\/\/vimeo.com\/privacy\">https:\/\/vimeo.com\/privacy<\/a><\/p>\n\n\n\n<p>Weitere Informationen zum Umgang mit Nutzerdaten finden Sie in der Datenschutzerkl\u00e4rung von Vimeo unter: <a href=\"https:\/\/vimeo.com\/privacy\">https:\/\/vimeo.com\/privacy<\/a><\/p>\n\n\n\n<h4 class=\"wp-block-heading\">11. Verlinkungen zu externen Websites<\/h4>\n\n\n\n<p>Site-ul nostru poate con\u021bine linkuri c\u0103tre site-uri externe.<\/p>\n\n\n\n<p>Dac\u0103 urma\u021bi un astfel de link, am dori s\u0103 subliniem faptul c\u0103 nu avem nicio influen\u021b\u0103 asupra con\u021binutului \u0219i practicilor de protec\u021bie a datelor ale acestor site-uri web.<\/p>\n\n\n\n<p>Operatorii respectivi sunt singurii responsabili pentru prelucrarea datelor cu caracter personal pe paginile legate.<\/p>\n\n\n\n<h4 class=\"wp-block-heading\">12. Ihre Rechte<\/h4>\n\n\n\n<p>Ave\u021bi urm\u0103toarele drepturi \u00een cadrul dispozi\u021biilor legale aplicabile:<\/p>\n\n\n\n<ul class=\"wp-block-list\">\n<li>Dreptul de a <strong>Informa\u021bii<\/strong> despre datele dvs. stocate (art. 15 GDPR)<\/li>\n\n\n\n<li>Dreptul de a <strong>Corec\u021bie<\/strong> date incorecte (art. 16 GDPR)<\/li>\n\n\n\n<li>Dreptul de a <strong>Anulare<\/strong> Datele dumneavoastr\u0103 (art. 17 din GDPR)<\/li>\n\n\n\n<li>Dreptul de a <strong>Restric\u021bionarea prelucr\u0103rii<\/strong> (Art. 18 GDPR)<\/li>\n\n\n\n<li>Dreptul de a <strong>Portabilitatea datelor<\/strong> (Art. 20 GDPR)<\/li>\n\n\n\n<li>Dreptul de a <strong>Obiec\u021bia la prelucrare<\/strong> (Art. 21 GDPR)<\/li>\n<\/ul>\n\n\n\n<p>Ne pute\u021bi contacta \u00een orice moment pentru a v\u0103 exercita drepturile.<\/p>\n\n\n\n<h4 class=\"wp-block-heading\">13. Widerruf einer Einwilligung<\/h4>\n\n\n\n<p>Multe opera\u021biuni de prelucrare a datelor sunt posibile numai cu consim\u021b\u0103m\u00e2ntul dumneavoastr\u0103 expres.<\/p>\n\n\n\n<p>Pute\u021bi revoca orice consim\u021b\u0103m\u00e2nt pe care l-a\u021bi dat deja \u00een orice moment. Acest lucru nu afecteaz\u0103 legalitatea prelucr\u0103rii datelor efectuate p\u00e2n\u0103 la momentul revoc\u0103rii.<\/p>\n\n\n\n<h4 class=\"wp-block-heading\">14. Beschwerderecht bei der Aufsichtsbeh\u00f6rde<\/h4>\n\n\n\n<p>Ave\u021bi dreptul de a v\u0103 pl\u00e2nge unei autorit\u0103\u021bi de supraveghere a protec\u021biei datelor cu privire la prelucrarea datelor dumneavoastr\u0103 cu caracter personal.<\/p>\n\n\n\n<p>Autoritatea de supraveghere competent\u0103 din Berlin este<\/p>\n\n\n\n<p>Comisarul pentru protec\u021bia datelor \u0219i libertatea de informare din Berlin<br>Alt-Moabit 59-61<br>10555 Berlin<\/p>\n\n\n\n<p><a href=\"https:\/\/www.datenschutz-berlin.de\">https:\/\/www.datenschutz-berlin.de<\/a><\/p>\n\n\n\n<h4 class=\"wp-block-heading\">15. Aktualit\u00e4t dieser Datenschutzerkl\u00e4rung<\/h4>\n\n\n\n<p>Aceast\u0103 politic\u0103 de confiden\u021bialitate este actualizat\u0103 periodic pentru a pune \u00een aplicare cerin\u021bele legale sau pentru a reflecta modific\u0103rile aduse serviciilor noastre.<\/p>\n\n\n\n<p>Stand:. April 2026<\/p>\n<\/div>\n\n\n\n<p><\/p>","protected":false},"excerpt":{"rendered":"<p>1. Verantwortliche Stelle Verantwortlich f\u00fcr die Datenverarbeitung auf dieser Website ist: BerlinZusammen e.V.Audre-Lorde-Str. 2610997 BerlinDeutschland E-Mail: info (at) berlinzusammen.de Der Verein wird vertreten durch den Vorstand. 2. Allgemeine Hinweise zur Datenverarbeitung Der Schutz Ihrer personenbezogenen Daten ist uns ein wichtiges Anliegen. Wir behandeln Ihre personenbezogenen Daten vertraulich und entsprechend der gesetzlichen Datenschutzvorschriften, insbesondere der Datenschutz-Grundverordnung [&hellip;]<\/p>\n","protected":false},"author":1,"featured_media":0,"parent":0,"menu_order":0,"comment_status":"closed","ping_status":"open","template":"","meta":{"_acf_changed":false,"footnotes":""},"class_list":["post-3","page","type-page","status-publish","hentry"],"acf":[],"_links":{"self":[{"href":"https:\/\/berlinzusammen.de\/ro\/wp-json\/wp\/v2\/pages\/3","targetHints":{"allow":["GET"]}}],"collection":[{"href":"https:\/\/berlinzusammen.de\/ro\/wp-json\/wp\/v2\/pages"}],"about":[{"href":"https:\/\/berlinzusammen.de\/ro\/wp-json\/wp\/v2\/types\/page"}],"author":[{"embeddable":true,"href":"https:\/\/berlinzusammen.de\/ro\/wp-json\/wp\/v2\/users\/1"}],"replies":[{"embeddable":true,"href":"https:\/\/berlinzusammen.de\/ro\/wp-json\/wp\/v2\/comments?post=3"}],"version-history":[{"count":4,"href":"https:\/\/berlinzusammen.de\/ro\/wp-json\/wp\/v2\/pages\/3\/revisions"}],"predecessor-version":[{"id":397,"href":"https:\/\/berlinzusammen.de\/ro\/wp-json\/wp\/v2\/pages\/3\/revisions\/397"}],"wp:attachment":[{"href":"https:\/\/berlinzusammen.de\/ro\/wp-json\/wp\/v2\/media?parent=3"}],"curies":[{"name":"wp","href":"https:\/\/api.w.org\/{rel}","templated":true}]}}