{"id":45,"date":"2026-03-04T13:18:30","date_gmt":"2026-03-04T12:18:30","guid":{"rendered":"https:\/\/berlinzusammen.de\/?page_id=45"},"modified":"2026-03-09T08:03:00","modified_gmt":"2026-03-09T07:03:00","slug":"impressum","status":"publish","type":"page","link":"https:\/\/berlinzusammen.de\/ro\/impressum\/","title":{"rendered":"Imprint"},"content":{"rendered":"<div class=\"wp-block-group is-vertical is-layout-flex wp-container-core-group-is-layout-c35747d5 wp-block-group-is-layout-flex\"><h2 class=\"wp-block-post-title\">Imprint<\/h2>\n\n\n<h4 class=\"wp-block-heading\">Adresa po\u0219tal\u0103<\/h4>\n\n\n\n<p>BerlinZusammen e.V.<br>Audre-Lorde-Str. 26<br>10997 Berlin<br>Germania<\/p>\n\n\n\n<h4 class=\"wp-block-heading\">Contact de pres\u0103<\/h4>\n\n\n\n<p>E-mail: presse (at) berlinzusammen.de<\/p>\n\n\n\n<h4 class=\"wp-block-heading\">R\u0103spunderea pentru con\u021binut<\/h4>\n\n\n\n<p>Con\u021binutul paginilor noastre a fost creat cu cea mai mare aten\u021bie. Cu toate acestea, nu putem accepta nicio r\u0103spundere pentru acurate\u021bea, integralitatea \u0219i actualitatea con\u021binutului. \u00cen calitate de furnizor de servicii, suntem responsabili pentru propriul nostru con\u021binut de pe aceste pagini, \u00een conformitate cu \u00a7 7 alin. 1 TMG (Legea german\u0103 privind telemedia) \u0219i cu legile generale. Cu toate acestea, \u00een conformitate cu \u00a7\u00a7 8 p\u00e2n\u0103 la 10 TMG, noi, \u00een calitate de furnizor de servicii, nu suntem obliga\u021bi s\u0103 monitoriz\u0103m informa\u021biile transmise sau stocate de ter\u021bi sau s\u0103 investig\u0103m circumstan\u021bele care indic\u0103 o activitate ilegal\u0103. Obliga\u021biile de a elimina sau de a bloca utilizarea informa\u021biilor \u00een conformitate cu legisla\u021bia general\u0103 r\u0103m\u00e2n neafectate de aceasta. Cu toate acestea, r\u0103spunderea \u00een aceast\u0103 privin\u021b\u0103 este posibil\u0103 numai din momentul cunoa\u0219terii unei \u00eenc\u0103lc\u0103ri specifice. Imediat ce lu\u0103m cuno\u0219tin\u021b\u0103 de astfel de \u00eenc\u0103lc\u0103ri, vom elimina imediat acest con\u021binut.<\/p>\n\n\n\n<h4 class=\"wp-block-heading\">R\u0103spunderea pentru linkuri<\/h4>\n\n\n\n<p>Site-ul nostru web con\u021bine linkuri c\u0103tre site-uri externe ale unor ter\u021be p\u0103r\u021bi asupra con\u021binutului c\u0103rora nu avem nicio influen\u021b\u0103. Prin urmare, nu putem accepta nicio r\u0103spundere pentru acest con\u021binut al ter\u021bilor. Furnizorul sau operatorul respectiv al paginilor este \u00eentotdeauna responsabil pentru con\u021binutul paginilor legate. Paginile conectate au fost verificate \u00een momentul conect\u0103rii pentru eventuale \u00eenc\u0103lc\u0103ri ale legii. Con\u021binuturile ilegale nu au fost recunoscute la momentul conect\u0103rii. Cu toate acestea, monitorizarea permanent\u0103 a con\u021binutului paginilor legate nu este rezonabil\u0103 f\u0103r\u0103 dovezi concrete ale unei \u00eenc\u0103lc\u0103ri. \u00cen cazul \u00een care lu\u0103m cuno\u0219tin\u021b\u0103 de \u00eenc\u0103lc\u0103ri ale legii, vom elimina imediat aceste linkuri.<\/p>\n\n\n\n<h4 class=\"wp-block-heading\">Drepturi de autor<\/h4>\n\n\n\n<p>Con\u021binutul \u0219i lucr\u0103rile create de operatorii site-ului pe aceste pagini sunt supuse legisla\u021biei germane privind drepturile de autor. Copierea, prelucrarea, distribuirea \u0219i orice tip de utilizare \u00een afara limitelor legii drepturilor de autor necesit\u0103 acordul scris al autorului sau creatorului respectiv. Desc\u0103rc\u0103rile \u0219i copiile de pe acest site sunt permise numai pentru uz privat, necomercial. \u00cen m\u0103sura \u00een care con\u021binutul acestui site nu a fost creat de operator, sunt respectate drepturile de autor ale p\u0103r\u021bilor ter\u021be. \u00cen special, con\u021binutul ter\u021bilor este etichetat ca atare. \u00cen cazul \u00een care, cu toate acestea, lua\u021bi cuno\u0219tin\u021b\u0103 de o \u00eenc\u0103lcare a drepturilor de autor, v\u0103 rug\u0103m s\u0103 ne informa\u021bi \u00een consecin\u021b\u0103. Dac\u0103 lu\u0103m cuno\u0219tin\u021b\u0103 de orice \u00eenc\u0103lcare, vom elimina imediat con\u021binutul respectiv.<\/p>\n<\/div>","protected":false},"excerpt":{"rendered":"<p>Postanschrift BerlinZusammen e.V.Audre-Lorde-Str. 2610997 BerlinDeutschland Pressekontakt E-Mail: presse (at) berlinzusammen.de Haftung f\u00fcr Inhalte Die Inhalte unserer Seiten wurden mit gr\u00f6\u00dfter Sorgfalt erstellt. F\u00fcr die Richtigkeit, Vollst\u00e4ndigkeit und Aktualit\u00e4t der Inhalte k\u00f6nnen wir jedoch keine Gew\u00e4hr \u00fcbernehmen. Als Diensteanbieter sind wir gem\u00e4\u00df \u00a7 7 Abs.1 TMG f\u00fcr eigene Inhalte auf diesen Seiten nach den allgemeinen Gesetzen [&hellip;]<\/p>\n","protected":false},"author":1,"featured_media":0,"parent":0,"menu_order":0,"comment_status":"closed","ping_status":"closed","template":"","meta":{"_acf_changed":false,"footnotes":""},"class_list":["post-45","page","type-page","status-publish","hentry"],"acf":[],"_links":{"self":[{"href":"https:\/\/berlinzusammen.de\/ro\/wp-json\/wp\/v2\/pages\/45","targetHints":{"allow":["GET"]}}],"collection":[{"href":"https:\/\/berlinzusammen.de\/ro\/wp-json\/wp\/v2\/pages"}],"about":[{"href":"https:\/\/berlinzusammen.de\/ro\/wp-json\/wp\/v2\/types\/page"}],"author":[{"embeddable":true,"href":"https:\/\/berlinzusammen.de\/ro\/wp-json\/wp\/v2\/users\/1"}],"replies":[{"embeddable":true,"href":"https:\/\/berlinzusammen.de\/ro\/wp-json\/wp\/v2\/comments?post=45"}],"version-history":[{"count":0,"href":"https:\/\/berlinzusammen.de\/ro\/wp-json\/wp\/v2\/pages\/45\/revisions"}],"wp:attachment":[{"href":"https:\/\/berlinzusammen.de\/ro\/wp-json\/wp\/v2\/media?parent=45"}],"curies":[{"name":"wp","href":"https:\/\/api.w.org\/{rel}","templated":true}]}}