{"id":53,"date":"2026-03-04T13:19:45","date_gmt":"2026-03-04T12:19:45","guid":{"rendered":"https:\/\/berlinzusammen.de\/?page_id=53"},"modified":"2026-04-13T19:34:57","modified_gmt":"2026-04-13T17:34:57","slug":"kalender","status":"publish","type":"page","link":"https:\/\/berlinzusammen.de\/ro\/kalender\/","title":{"rendered":"Calendar"},"content":{"rendered":"<div class=\"wp-block-group has-global-padding is-layout-constrained wp-block-group-is-layout-constrained\"><div class=\"bz-event-calendar wp-block-berlinzusammen-event-calendar\">\n\n\t<div class=\"bz-cal-header\">\n\t\t<a class=\"bz-cal-nav\" href=\"\/ro\/wp-json\/wp\/v2\/pages\/53?bz_month=2026-03\" aria-label=\"Vorheriger Monat\">'<\/a>\n\t\t<h2 class=\"bz-cal-title\">Aprilie 2026<\/h2>\n\t\t<a class=\"bz-cal-nav\" href=\"\/ro\/wp-json\/wp\/v2\/pages\/53?bz_month=2026-05\" aria-label=\"N\u00e4chster Monat\">'<\/a>\n\t<\/div>\n\n\t<div class=\"bz-cal-legend\" role=\"list\" aria-label=\"Legende\">\n\t\t\t\t\t<span class=\"bz-cal-legend-item\" role=\"listitem\">\n\t\t\t\t<span class=\"bz-cal-legend-dot\" style=\"background:#93FF00;\" aria-hidden=\"true\"><\/span>\n\t\t\t\tReuniuni deschise\/Plena\t\t\t<\/span>\n\t\t\t\t\t<span class=\"bz-cal-legend-item\" role=\"listitem\">\n\t\t\t\t<span class=\"bz-cal-legend-dot\" style=\"background:#7E3CFF;\" aria-hidden=\"true\"><\/span>\n\t\t\t\tGrupuri de lucru\t\t\t<\/span>\n\t\t\t\t\t<span class=\"bz-cal-legend-item\" role=\"listitem\">\n\t\t\t\t<span class=\"bz-cal-legend-dot\" style=\"background:#FFCCE1;\" aria-hidden=\"true\"><\/span>\n\t\t\t\tAteliere de lucru\t\t\t<\/span>\n\t\t\t\t\t<span class=\"bz-cal-legend-item\" role=\"listitem\">\n\t\t\t\t<span class=\"bz-cal-legend-dot\" style=\"background:#FDAE17;\" aria-hidden=\"true\"><\/span>\n\t\t\t\tActivit\u0103\u021bi \u00een cartier\t\t\t<\/span>\n\t\t\t\t\t<span class=\"bz-cal-legend-item\" role=\"listitem\">\n\t\t\t\t<span class=\"bz-cal-legend-dot\" style=\"background:#FF9316;\" aria-hidden=\"true\"><\/span>\n\t\t\t\tEvenimente \u00een jurul alegerilor din 2026\t\t\t<\/span>\n\t\t\t<\/div>\n\n\t<!-- Mobile Listenansicht ------------------------------------------------- -->\n\t<div class=\"bz-cal-list\" aria-label=\"Aprilie 2026\">\n\t\t\t\t\t<div class=\"bz-cal-list-row\">\n\t\t\t\t<div class=\"bz-cal-list-date\" aria-hidden=\"true\">\n\t\t\t\t\t<span class=\"bz-cal-list-nr\">2<\/span>\n\t\t\t\t\t<span class=\"bz-cal-list-wd\">Face\u021bi<\/span>\n\t\t\t\t<\/div>\n\t\t\t\t<div class=\"bz-cal-list-events\">\n\t\t\t\t\t\t\t\t\t\t\t<div class=\"bz-cal-list-event-wrap\">\n\t\t\t\t\t\t\t<a\n\t\t\t\t\t\t\t\thref=\"https:\/\/berlinzusammen.de\/ro\/events\/ag-kommunikation\/\"\n\t\t\t\t\t\t\t\tclass=\"bz-cal-event\"\n\t\t\t\t\t\t\t\tstyle=\"background:#7E3CFF;color:#ffffff;\"\n\t\t\t\t\t\t\t>AG Comunicare<\/a>\n\t\t\t\t\t\t\t\t\t\t\t\t\t\t\t<ul class=\"bz-cal-list-meta\">\n\t\t\t\t\t\t\t\t\t<li>17:00<\/li>\t\t\t\t\t\t\t\t\t<li>hibrid<\/li>\t\t\t\t\t\t\t\t\t<li>5 pm, s\u0103pt\u0103m\u00e2nal<\/li>\t\t\t\t\t\t\t\t<\/ul>\n\t\t\t\t\t\t\t\t\t\t\t\t\t<\/div>\n\t\t\t\t\t\t\t\t\t<\/div>\n\t\t\t<\/div>\n\t\t\t\t\t<div class=\"bz-cal-list-row\">\n\t\t\t\t<div class=\"bz-cal-list-date\" aria-hidden=\"true\">\n\t\t\t\t\t<span class=\"bz-cal-list-nr\">7<\/span>\n\t\t\t\t\t<span class=\"bz-cal-list-wd\">Mar\u021bi<\/span>\n\t\t\t\t<\/div>\n\t\t\t\t<div class=\"bz-cal-list-events\">\n\t\t\t\t\t\t\t\t\t\t\t<div class=\"bz-cal-list-event-wrap\">\n\t\t\t\t\t\t\t<a\n\t\t\t\t\t\t\t\thref=\"https:\/\/berlinzusammen.de\/ro\/events\/ag-mobilisierung-und-organisierung\/\"\n\t\t\t\t\t\t\t\tclass=\"bz-cal-event\"\n\t\t\t\t\t\t\t\tstyle=\"background:#7E3CFF;color:#ffffff;\"\n\t\t\t\t\t\t\t>Grupul de lucru pentru mobilizare \u0219i organizare<\/a>\n\t\t\t\t\t\t\t\t\t\t\t\t\t\t\t<ul class=\"bz-cal-list-meta\">\n\t\t\t\t\t\t\t\t\t<li>6:00 pm<\/li>\t\t\t\t\t\t\t\t\t<li>online<\/li>\t\t\t\t\t\t\t\t\t<li>6 pm, la fiecare 2 s\u0103pt\u0103m\u00e2ni<\/li>\t\t\t\t\t\t\t\t<\/ul>\n\t\t\t\t\t\t\t\t\t\t\t\t\t<\/div>\n\t\t\t\t\t\t\t\t\t<\/div>\n\t\t\t<\/div>\n\t\t\t\t\t<div class=\"bz-cal-list-row\">\n\t\t\t\t<div class=\"bz-cal-list-date\" aria-hidden=\"true\">\n\t\t\t\t\t<span class=\"bz-cal-list-nr\">9<\/span>\n\t\t\t\t\t<span class=\"bz-cal-list-wd\">Face\u021bi<\/span>\n\t\t\t\t<\/div>\n\t\t\t\t<div class=\"bz-cal-list-events\">\n\t\t\t\t\t\t\t\t\t\t\t<div class=\"bz-cal-list-event-wrap\">\n\t\t\t\t\t\t\t<a\n\t\t\t\t\t\t\t\thref=\"https:\/\/berlinzusammen.de\/ro\/events\/ag-kommunikation\/\"\n\t\t\t\t\t\t\t\tclass=\"bz-cal-event\"\n\t\t\t\t\t\t\t\tstyle=\"background:#7E3CFF;color:#ffffff;\"\n\t\t\t\t\t\t\t>AG Comunicare<\/a>\n\t\t\t\t\t\t\t\t\t\t\t\t\t\t\t<ul class=\"bz-cal-list-meta\">\n\t\t\t\t\t\t\t\t\t<li>17:00<\/li>\t\t\t\t\t\t\t\t\t<li>hibrid<\/li>\t\t\t\t\t\t\t\t\t<li>5 pm, s\u0103pt\u0103m\u00e2nal<\/li>\t\t\t\t\t\t\t\t<\/ul>\n\t\t\t\t\t\t\t\t\t\t\t\t\t<\/div>\n\t\t\t\t\t\t\t\t\t<\/div>\n\t\t\t<\/div>\n\t\t\t\t\t<div class=\"bz-cal-list-row\">\n\t\t\t\t<div class=\"bz-cal-list-date\" aria-hidden=\"true\">\n\t\t\t\t\t<span class=\"bz-cal-list-nr\">14<\/span>\n\t\t\t\t\t<span class=\"bz-cal-list-wd\">Mar\u021bi<\/span>\n\t\t\t\t<\/div>\n\t\t\t\t<div class=\"bz-cal-list-events\">\n\t\t\t\t\t\t\t\t\t\t\t<div class=\"bz-cal-list-event-wrap\">\n\t\t\t\t\t\t\t<a\n\t\t\t\t\t\t\t\thref=\"https:\/\/berlinzusammen.de\/ro\/events\/onboarding-aktueller-stand-mitmachmoeglichkeiten\/\"\n\t\t\t\t\t\t\t\tclass=\"bz-cal-event\"\n\t\t\t\t\t\t\t\tstyle=\"background:#93FF00;color:#2a5f00;\"\n\t\t\t\t\t\t\t>Onboarding (Online)<\/a>\n\t\t\t\t\t\t\t\t\t\t\t\t\t\t\t<ul class=\"bz-cal-list-meta\">\n\t\t\t\t\t\t\t\t\t<li>17:00<\/li>\t\t\t\t\t\t\t\t\t<li>Online<\/li>\t\t\t\t\t\t\t\t\t<li>Informare cu informa\u021bii despre campanie \u0219i oportunit\u0103\u021bi de implicare.<\/li>\t\t\t\t\t\t\t\t<\/ul>\n\t\t\t\t\t\t\t\t\t\t\t\t\t<\/div>\n\t\t\t\t\t\t\t\t\t<\/div>\n\t\t\t<\/div>\n\t\t\t\t\t<div class=\"bz-cal-list-row\">\n\t\t\t\t<div class=\"bz-cal-list-date\" aria-hidden=\"true\">\n\t\t\t\t\t<span class=\"bz-cal-list-nr\">16<\/span>\n\t\t\t\t\t<span class=\"bz-cal-list-wd\">Face\u021bi<\/span>\n\t\t\t\t<\/div>\n\t\t\t\t<div class=\"bz-cal-list-events\">\n\t\t\t\t\t\t\t\t\t\t\t<div class=\"bz-cal-list-event-wrap\">\n\t\t\t\t\t\t\t<a\n\t\t\t\t\t\t\t\thref=\"https:\/\/berlinzusammen.de\/ro\/events\/ag-kommunikation\/\"\n\t\t\t\t\t\t\t\tclass=\"bz-cal-event\"\n\t\t\t\t\t\t\t\tstyle=\"background:#7E3CFF;color:#ffffff;\"\n\t\t\t\t\t\t\t>AG Comunicare<\/a>\n\t\t\t\t\t\t\t\t\t\t\t\t\t\t\t<ul class=\"bz-cal-list-meta\">\n\t\t\t\t\t\t\t\t\t<li>17:00<\/li>\t\t\t\t\t\t\t\t\t<li>hibrid<\/li>\t\t\t\t\t\t\t\t\t<li>5 pm, s\u0103pt\u0103m\u00e2nal<\/li>\t\t\t\t\t\t\t\t<\/ul>\n\t\t\t\t\t\t\t\t\t\t\t\t\t<\/div>\n\t\t\t\t\t\t\t\t\t<\/div>\n\t\t\t<\/div>\n\t\t\t\t\t<div class=\"bz-cal-list-row\">\n\t\t\t\t<div class=\"bz-cal-list-date\" aria-hidden=\"true\">\n\t\t\t\t\t<span class=\"bz-cal-list-nr\">19<\/span>\n\t\t\t\t\t<span class=\"bz-cal-list-wd\">Deci<\/span>\n\t\t\t\t<\/div>\n\t\t\t\t<div class=\"bz-cal-list-events\">\n\t\t\t\t\t\t\t\t\t\t\t<div class=\"bz-cal-list-event-wrap\">\n\t\t\t\t\t\t\t<a\n\t\t\t\t\t\t\t\thref=\"https:\/\/www.eventbrite.com\/e\/alle-fur-berlin-tickets-1985279207552\"\n\t\t\t\t\t\t\t\tclass=\"bz-cal-event\"\n\t\t\t\t\t\t\t\tstyle=\"background:#93FF00;color:#2a5f00;\"\n\t\t\t\t\t\t\t>\u00d6ffentlicher Kick-Off BerlinZusammen<\/a>\n\t\t\t\t\t\t\t\t\t\t\t\t\t\t\t<ul class=\"bz-cal-list-meta\">\n\t\t\t\t\t\t\t\t\t<li>12:00 Uhr<\/li>\t\t\t\t\t\t\t\t\t<li>ZK\/U<\/li>\t\t\t\t\t\t\t\t\t\t\t\t\t\t\t\t\t<\/ul>\n\t\t\t\t\t\t\t\t\t\t\t\t\t<\/div>\n\t\t\t\t\t\t\t\t\t<\/div>\n\t\t\t<\/div>\n\t\t\t\t\t<div class=\"bz-cal-list-row\">\n\t\t\t\t<div class=\"bz-cal-list-date\" aria-hidden=\"true\">\n\t\t\t\t\t<span class=\"bz-cal-list-nr\">21<\/span>\n\t\t\t\t\t<span class=\"bz-cal-list-wd\">Mar\u021bi<\/span>\n\t\t\t\t<\/div>\n\t\t\t\t<div class=\"bz-cal-list-events\">\n\t\t\t\t\t\t\t\t\t\t\t<div class=\"bz-cal-list-event-wrap\">\n\t\t\t\t\t\t\t<a\n\t\t\t\t\t\t\t\thref=\"https:\/\/berlinzusammen.de\/ro\/events\/ag-mobilisierung-und-organisierung\/\"\n\t\t\t\t\t\t\t\tclass=\"bz-cal-event\"\n\t\t\t\t\t\t\t\tstyle=\"background:#7E3CFF;color:#ffffff;\"\n\t\t\t\t\t\t\t>Grupul de lucru pentru mobilizare \u0219i organizare<\/a>\n\t\t\t\t\t\t\t\t\t\t\t\t\t\t\t<ul class=\"bz-cal-list-meta\">\n\t\t\t\t\t\t\t\t\t<li>6:00 pm<\/li>\t\t\t\t\t\t\t\t\t<li>online<\/li>\t\t\t\t\t\t\t\t\t<li>6 pm, la fiecare 2 s\u0103pt\u0103m\u00e2ni<\/li>\t\t\t\t\t\t\t\t<\/ul>\n\t\t\t\t\t\t\t\t\t\t\t\t\t<\/div>\n\t\t\t\t\t\t\t\t\t\t\t<div class=\"bz-cal-list-event-wrap\">\n\t\t\t\t\t\t\t<a\n\t\t\t\t\t\t\t\thref=\"https:\/\/berlinzusammen.de\/ro\/events\/onboarding-online-2\/\"\n\t\t\t\t\t\t\t\tclass=\"bz-cal-event\"\n\t\t\t\t\t\t\t\tstyle=\"background:#93FF00;color:#2a5f00;\"\n\t\t\t\t\t\t\t>Onboarding (Online)<\/a>\n\t\t\t\t\t\t\t\t\t\t\t\t\t\t\t<ul class=\"bz-cal-list-meta\">\n\t\t\t\t\t\t\t\t\t<li>17:00<\/li>\t\t\t\t\t\t\t\t\t<li>\ud83d\udd17 https:\/\/us02web.zoom.us\/j\/88050644486<\/li>\t\t\t\t\t\t\t\t\t<li>Informare cu informa\u021bii despre campanie \u0219i oportunit\u0103\u021bi de implicare.<\/li>\t\t\t\t\t\t\t\t<\/ul>\n\t\t\t\t\t\t\t\t\t\t\t\t\t<\/div>\n\t\t\t\t\t\t\t\t\t<\/div>\n\t\t\t<\/div>\n\t\t\t\t\t<div class=\"bz-cal-list-row\">\n\t\t\t\t<div class=\"bz-cal-list-date\" aria-hidden=\"true\">\n\t\t\t\t\t<span class=\"bz-cal-list-nr\">23<\/span>\n\t\t\t\t\t<span class=\"bz-cal-list-wd\">Face\u021bi<\/span>\n\t\t\t\t<\/div>\n\t\t\t\t<div class=\"bz-cal-list-events\">\n\t\t\t\t\t\t\t\t\t\t\t<div class=\"bz-cal-list-event-wrap\">\n\t\t\t\t\t\t\t<a\n\t\t\t\t\t\t\t\thref=\"https:\/\/berlinzusammen.de\/ro\/events\/ag-kommunikation\/\"\n\t\t\t\t\t\t\t\tclass=\"bz-cal-event\"\n\t\t\t\t\t\t\t\tstyle=\"background:#7E3CFF;color:#ffffff;\"\n\t\t\t\t\t\t\t>AG Comunicare<\/a>\n\t\t\t\t\t\t\t\t\t\t\t\t\t\t\t<ul class=\"bz-cal-list-meta\">\n\t\t\t\t\t\t\t\t\t<li>17:00<\/li>\t\t\t\t\t\t\t\t\t<li>hibrid<\/li>\t\t\t\t\t\t\t\t\t<li>5 pm, s\u0103pt\u0103m\u00e2nal<\/li>\t\t\t\t\t\t\t\t<\/ul>\n\t\t\t\t\t\t\t\t\t\t\t\t\t<\/div>\n\t\t\t\t\t\t\t\t\t<\/div>\n\t\t\t<\/div>\n\t\t\t\t\t<div class=\"bz-cal-list-row bz-cal-list-row--today\">\n\t\t\t\t<div class=\"bz-cal-list-date\" aria-hidden=\"true\">\n\t\t\t\t\t<span class=\"bz-cal-list-nr\">30<\/span>\n\t\t\t\t\t<span class=\"bz-cal-list-wd\">Face\u021bi<\/span>\n\t\t\t\t<\/div>\n\t\t\t\t<div class=\"bz-cal-list-events\">\n\t\t\t\t\t\t\t\t\t\t\t<div class=\"bz-cal-list-event-wrap\">\n\t\t\t\t\t\t\t<a\n\t\t\t\t\t\t\t\thref=\"https:\/\/berlinzusammen.de\/ro\/events\/ag-kommunikation\/\"\n\t\t\t\t\t\t\t\tclass=\"bz-cal-event\"\n\t\t\t\t\t\t\t\tstyle=\"background:#7E3CFF;color:#ffffff;\"\n\t\t\t\t\t\t\t>AG Comunicare<\/a>\n\t\t\t\t\t\t\t\t\t\t\t\t\t\t\t<ul class=\"bz-cal-list-meta\">\n\t\t\t\t\t\t\t\t\t<li>17:00<\/li>\t\t\t\t\t\t\t\t\t<li>hibrid<\/li>\t\t\t\t\t\t\t\t\t<li>5 pm, s\u0103pt\u0103m\u00e2nal<\/li>\t\t\t\t\t\t\t\t<\/ul>\n\t\t\t\t\t\t\t\t\t\t\t\t\t<\/div>\n\t\t\t\t\t\t\t\t\t<\/div>\n\t\t\t<\/div>\n\t\t\n\t\t\t<\/div>\n\n\t<!-- Desktop Rasteransicht ------------------------------------------------ -->\n\t<div class=\"bz-cal-grid-wrap\">\n\t\t<div class=\"bz-cal-grid\" role=\"grid\" aria-label=\"Aprilie 2026\">\n\n\t\t\t\t\t\t\t<div class=\"bz-cal-dayname\" role=\"columnheader\">Mo<\/div>\n\t\t\t\t\t\t\t<div class=\"bz-cal-dayname\" role=\"columnheader\">Mar\u021bi<\/div>\n\t\t\t\t\t\t\t<div class=\"bz-cal-dayname\" role=\"columnheader\">Mi<\/div>\n\t\t\t\t\t\t\t<div class=\"bz-cal-dayname\" role=\"columnheader\">Face\u021bi<\/div>\n\t\t\t\t\t\t\t<div class=\"bz-cal-dayname\" role=\"columnheader\">vineri<\/div>\n\t\t\t\t\t\t\t<div class=\"bz-cal-dayname\" role=\"columnheader\">s\u00e2mb\u0103t\u0103<\/div>\n\t\t\t\t\t\t\t<div class=\"bz-cal-dayname\" role=\"columnheader\">Deci<\/div>\n\t\t\t\n\t\t\t\t\t\t\t<div class=\"bz-cal-day bz-cal-day--empty\" aria-hidden=\"true\"><\/div>\n\t\t\t\t\t\t\t<div class=\"bz-cal-day bz-cal-day--empty\" aria-hidden=\"true\"><\/div>\n\t\t\t\n\t\t\t\t\t\t\t<div class=\"bz-cal-day\" role=\"gridcell\" aria-label=\"1 aprilie\">\n\t\t\t\t\t<span class=\"bz-cal-daynr\">1<\/span>\n\n\t\t\t\t\t\t\t\t\t<\/div>\n\t\t\t\t\t\t\t<div class=\"bz-cal-day\" role=\"gridcell\" aria-label=\"2 aprilie\">\n\t\t\t\t\t<span class=\"bz-cal-daynr\">2<\/span>\n\n\t\t\t\t\t\t\t\t\t\t\t<div class=\"bz-cal-events\">\n\t\t\t\t\t\t\t\t\t\t\t\t\t\t\t<a\n\t\t\t\t\t\t\t\t\thref=\"https:\/\/berlinzusammen.de\/ro\/events\/ag-kommunikation\/\"\n\t\t\t\t\t\t\t\t\tclass=\"bz-cal-event\"\n\t\t\t\t\t\t\t\t\tstyle=\"background:#7E3CFF;color:#ffffff;\"\n\t\t\t\t\t\t\t\t\tdata-location=\"hybrid\"\t\t\t\t\t\t\t\t\tdata-desc=\"17 Uhr, w\u00f6chentlich\"\t\t\t\t\t\t\t\t><span class=\"bz-cal-event-time\">17:00<\/span><span class=\"bz-cal-event-title\">AG Comunicare<\/span><\/a>\n\t\t\t\t\t\t\t\t\t\t\t\t\t<\/div>\n\t\t\t\t\t\t\t\t\t<\/div>\n\t\t\t\t\t\t\t<div class=\"bz-cal-day\" role=\"gridcell\" aria-label=\"3 aprilie\">\n\t\t\t\t\t<span class=\"bz-cal-daynr\">3<\/span>\n\n\t\t\t\t\t\t\t\t\t<\/div>\n\t\t\t\t\t\t\t<div class=\"bz-cal-day\" role=\"gridcell\" aria-label=\"4 aprilie\">\n\t\t\t\t\t<span class=\"bz-cal-daynr\">4<\/span>\n\n\t\t\t\t\t\t\t\t\t<\/div>\n\t\t\t\t\t\t\t<div class=\"bz-cal-day\" role=\"gridcell\" aria-label=\"5 aprilie\">\n\t\t\t\t\t<span class=\"bz-cal-daynr\">5<\/span>\n\n\t\t\t\t\t\t\t\t\t<\/div>\n\t\t\t\t\t\t\t<div class=\"bz-cal-day\" role=\"gridcell\" aria-label=\"6 aprilie\">\n\t\t\t\t\t<span class=\"bz-cal-daynr\">6<\/span>\n\n\t\t\t\t\t\t\t\t\t<\/div>\n\t\t\t\t\t\t\t<div class=\"bz-cal-day\" role=\"gridcell\" aria-label=\"7 aprilie\">\n\t\t\t\t\t<span class=\"bz-cal-daynr\">7<\/span>\n\n\t\t\t\t\t\t\t\t\t\t\t<div class=\"bz-cal-events\">\n\t\t\t\t\t\t\t\t\t\t\t\t\t\t\t<a\n\t\t\t\t\t\t\t\t\thref=\"https:\/\/berlinzusammen.de\/ro\/events\/ag-mobilisierung-und-organisierung\/\"\n\t\t\t\t\t\t\t\t\tclass=\"bz-cal-event\"\n\t\t\t\t\t\t\t\t\tstyle=\"background:#7E3CFF;color:#ffffff;\"\n\t\t\t\t\t\t\t\t\tdata-location=\"online\"\t\t\t\t\t\t\t\t\tdata-desc=\"18 Uhr, alle 2 Woche\"\t\t\t\t\t\t\t\t><span class=\"bz-cal-event-time\">18:00<\/span><span class=\"bz-cal-event-title\">Grupul de lucru pentru mobilizare \u0219i organizare<\/span><\/a>\n\t\t\t\t\t\t\t\t\t\t\t\t\t<\/div>\n\t\t\t\t\t\t\t\t\t<\/div>\n\t\t\t\t\t\t\t<div class=\"bz-cal-day\" role=\"gridcell\" aria-label=\"8 aprilie\">\n\t\t\t\t\t<span class=\"bz-cal-daynr\">8<\/span>\n\n\t\t\t\t\t\t\t\t\t<\/div>\n\t\t\t\t\t\t\t<div class=\"bz-cal-day\" role=\"gridcell\" aria-label=\"9 aprilie\">\n\t\t\t\t\t<span class=\"bz-cal-daynr\">9<\/span>\n\n\t\t\t\t\t\t\t\t\t\t\t<div class=\"bz-cal-events\">\n\t\t\t\t\t\t\t\t\t\t\t\t\t\t\t<a\n\t\t\t\t\t\t\t\t\thref=\"https:\/\/berlinzusammen.de\/ro\/events\/ag-kommunikation\/\"\n\t\t\t\t\t\t\t\t\tclass=\"bz-cal-event\"\n\t\t\t\t\t\t\t\t\tstyle=\"background:#7E3CFF;color:#ffffff;\"\n\t\t\t\t\t\t\t\t\tdata-location=\"hybrid\"\t\t\t\t\t\t\t\t\tdata-desc=\"17 Uhr, w\u00f6chentlich\"\t\t\t\t\t\t\t\t><span class=\"bz-cal-event-time\">17:00<\/span><span class=\"bz-cal-event-title\">AG Comunicare<\/span><\/a>\n\t\t\t\t\t\t\t\t\t\t\t\t\t<\/div>\n\t\t\t\t\t\t\t\t\t<\/div>\n\t\t\t\t\t\t\t<div class=\"bz-cal-day\" role=\"gridcell\" aria-label=\"10 aprilie\">\n\t\t\t\t\t<span class=\"bz-cal-daynr\">10<\/span>\n\n\t\t\t\t\t\t\t\t\t<\/div>\n\t\t\t\t\t\t\t<div class=\"bz-cal-day\" role=\"gridcell\" aria-label=\"11 aprilie\">\n\t\t\t\t\t<span class=\"bz-cal-daynr\">11<\/span>\n\n\t\t\t\t\t\t\t\t\t<\/div>\n\t\t\t\t\t\t\t<div class=\"bz-cal-day\" role=\"gridcell\" aria-label=\"12 aprilie\">\n\t\t\t\t\t<span class=\"bz-cal-daynr\">12<\/span>\n\n\t\t\t\t\t\t\t\t\t<\/div>\n\t\t\t\t\t\t\t<div class=\"bz-cal-day\" role=\"gridcell\" aria-label=\"13 aprilie\">\n\t\t\t\t\t<span class=\"bz-cal-daynr\">13<\/span>\n\n\t\t\t\t\t\t\t\t\t<\/div>\n\t\t\t\t\t\t\t<div class=\"bz-cal-day\" role=\"gridcell\" aria-label=\"14 aprilie\">\n\t\t\t\t\t<span class=\"bz-cal-daynr\">14<\/span>\n\n\t\t\t\t\t\t\t\t\t\t\t<div class=\"bz-cal-events\">\n\t\t\t\t\t\t\t\t\t\t\t\t\t\t\t<a\n\t\t\t\t\t\t\t\t\thref=\"https:\/\/berlinzusammen.de\/ro\/events\/onboarding-aktueller-stand-mitmachmoeglichkeiten\/\"\n\t\t\t\t\t\t\t\t\tclass=\"bz-cal-event\"\n\t\t\t\t\t\t\t\t\tstyle=\"background:#93FF00;color:#2a5f00;\"\n\t\t\t\t\t\t\t\t\tdata-location=\"Online\"\t\t\t\t\t\t\t\t\tdata-desc=\"Onboarding mit Infos zur Kampagne und Mitmachm\u00f6glichkeiten.\"\t\t\t\t\t\t\t\t><span class=\"bz-cal-event-time\">17:00<\/span><span class=\"bz-cal-event-title\">Onboarding (Online)<\/span><\/a>\n\t\t\t\t\t\t\t\t\t\t\t\t\t<\/div>\n\t\t\t\t\t\t\t\t\t<\/div>\n\t\t\t\t\t\t\t<div class=\"bz-cal-day\" role=\"gridcell\" aria-label=\"15 aprilie\">\n\t\t\t\t\t<span class=\"bz-cal-daynr\">15<\/span>\n\n\t\t\t\t\t\t\t\t\t<\/div>\n\t\t\t\t\t\t\t<div class=\"bz-cal-day\" role=\"gridcell\" aria-label=\"16 aprilie\">\n\t\t\t\t\t<span class=\"bz-cal-daynr\">16<\/span>\n\n\t\t\t\t\t\t\t\t\t\t\t<div class=\"bz-cal-events\">\n\t\t\t\t\t\t\t\t\t\t\t\t\t\t\t<a\n\t\t\t\t\t\t\t\t\thref=\"https:\/\/berlinzusammen.de\/ro\/events\/ag-kommunikation\/\"\n\t\t\t\t\t\t\t\t\tclass=\"bz-cal-event\"\n\t\t\t\t\t\t\t\t\tstyle=\"background:#7E3CFF;color:#ffffff;\"\n\t\t\t\t\t\t\t\t\tdata-location=\"hybrid\"\t\t\t\t\t\t\t\t\tdata-desc=\"17 Uhr, w\u00f6chentlich\"\t\t\t\t\t\t\t\t><span class=\"bz-cal-event-time\">17:00<\/span><span class=\"bz-cal-event-title\">AG Comunicare<\/span><\/a>\n\t\t\t\t\t\t\t\t\t\t\t\t\t<\/div>\n\t\t\t\t\t\t\t\t\t<\/div>\n\t\t\t\t\t\t\t<div class=\"bz-cal-day\" role=\"gridcell\" aria-label=\"17 aprilie\">\n\t\t\t\t\t<span class=\"bz-cal-daynr\">17<\/span>\n\n\t\t\t\t\t\t\t\t\t<\/div>\n\t\t\t\t\t\t\t<div class=\"bz-cal-day\" role=\"gridcell\" aria-label=\"18 aprilie\">\n\t\t\t\t\t<span class=\"bz-cal-daynr\">18<\/span>\n\n\t\t\t\t\t\t\t\t\t<\/div>\n\t\t\t\t\t\t\t<div class=\"bz-cal-day\" role=\"gridcell\" aria-label=\"19 aprilie\">\n\t\t\t\t\t<span class=\"bz-cal-daynr\">19<\/span>\n\n\t\t\t\t\t\t\t\t\t\t\t<div class=\"bz-cal-events\">\n\t\t\t\t\t\t\t\t\t\t\t\t\t\t\t<a\n\t\t\t\t\t\t\t\t\thref=\"https:\/\/www.eventbrite.com\/e\/alle-fur-berlin-tickets-1985279207552\"\n\t\t\t\t\t\t\t\t\tclass=\"bz-cal-event\"\n\t\t\t\t\t\t\t\t\tstyle=\"background:#93FF00;color:#2a5f00;\"\n\t\t\t\t\t\t\t\t\tdata-location=\"ZK\/U\"\t\t\t\t\t\t\t\t\t\t\t\t\t\t\t\t\t><span class=\"bz-cal-event-time\">12:00<\/span><span class=\"bz-cal-event-title\">\u00d6ffentlicher Kick-Off BerlinZusammen<\/span><\/a>\n\t\t\t\t\t\t\t\t\t\t\t\t\t<\/div>\n\t\t\t\t\t\t\t\t\t<\/div>\n\t\t\t\t\t\t\t<div class=\"bz-cal-day\" role=\"gridcell\" aria-label=\"20 aprilie\">\n\t\t\t\t\t<span class=\"bz-cal-daynr\">20<\/span>\n\n\t\t\t\t\t\t\t\t\t<\/div>\n\t\t\t\t\t\t\t<div class=\"bz-cal-day\" role=\"gridcell\" aria-label=\"21 aprilie\">\n\t\t\t\t\t<span class=\"bz-cal-daynr\">21<\/span>\n\n\t\t\t\t\t\t\t\t\t\t\t<div class=\"bz-cal-events\">\n\t\t\t\t\t\t\t\t\t\t\t\t\t\t\t<a\n\t\t\t\t\t\t\t\t\thref=\"https:\/\/berlinzusammen.de\/ro\/events\/ag-mobilisierung-und-organisierung\/\"\n\t\t\t\t\t\t\t\t\tclass=\"bz-cal-event\"\n\t\t\t\t\t\t\t\t\tstyle=\"background:#7E3CFF;color:#ffffff;\"\n\t\t\t\t\t\t\t\t\tdata-location=\"online\"\t\t\t\t\t\t\t\t\tdata-desc=\"18 Uhr, alle 2 Woche\"\t\t\t\t\t\t\t\t><span class=\"bz-cal-event-time\">18:00<\/span><span class=\"bz-cal-event-title\">Grupul de lucru pentru mobilizare \u0219i organizare<\/span><\/a>\n\t\t\t\t\t\t\t\t\t\t\t\t\t\t\t<a\n\t\t\t\t\t\t\t\t\thref=\"https:\/\/berlinzusammen.de\/ro\/events\/onboarding-online-2\/\"\n\t\t\t\t\t\t\t\t\tclass=\"bz-cal-event\"\n\t\t\t\t\t\t\t\t\tstyle=\"background:#93FF00;color:#2a5f00;\"\n\t\t\t\t\t\t\t\t\tdata-location=\"\ud83d\udd17 https:\/\/us02web.zoom.us\/j\/88050644486\"\t\t\t\t\t\t\t\t\tdata-desc=\"Onboarding mit Infos zur Kampagne und Mitmachm\u00f6glichkeiten.\"\t\t\t\t\t\t\t\t><span class=\"bz-cal-event-time\">17:00<\/span><span class=\"bz-cal-event-title\">Onboarding (Online)<\/span><\/a>\n\t\t\t\t\t\t\t\t\t\t\t\t\t<\/div>\n\t\t\t\t\t\t\t\t\t<\/div>\n\t\t\t\t\t\t\t<div class=\"bz-cal-day\" role=\"gridcell\" aria-label=\"22 aprilie\">\n\t\t\t\t\t<span class=\"bz-cal-daynr\">22<\/span>\n\n\t\t\t\t\t\t\t\t\t<\/div>\n\t\t\t\t\t\t\t<div class=\"bz-cal-day\" role=\"gridcell\" aria-label=\"23 aprilie\">\n\t\t\t\t\t<span class=\"bz-cal-daynr\">23<\/span>\n\n\t\t\t\t\t\t\t\t\t\t\t<div class=\"bz-cal-events\">\n\t\t\t\t\t\t\t\t\t\t\t\t\t\t\t<a\n\t\t\t\t\t\t\t\t\thref=\"https:\/\/berlinzusammen.de\/ro\/events\/ag-kommunikation\/\"\n\t\t\t\t\t\t\t\t\tclass=\"bz-cal-event\"\n\t\t\t\t\t\t\t\t\tstyle=\"background:#7E3CFF;color:#ffffff;\"\n\t\t\t\t\t\t\t\t\tdata-location=\"hybrid\"\t\t\t\t\t\t\t\t\tdata-desc=\"17 Uhr, w\u00f6chentlich\"\t\t\t\t\t\t\t\t><span class=\"bz-cal-event-time\">17:00<\/span><span class=\"bz-cal-event-title\">AG Comunicare<\/span><\/a>\n\t\t\t\t\t\t\t\t\t\t\t\t\t<\/div>\n\t\t\t\t\t\t\t\t\t<\/div>\n\t\t\t\t\t\t\t<div class=\"bz-cal-day\" role=\"gridcell\" aria-label=\"24 aprilie\">\n\t\t\t\t\t<span class=\"bz-cal-daynr\">24<\/span>\n\n\t\t\t\t\t\t\t\t\t<\/div>\n\t\t\t\t\t\t\t<div class=\"bz-cal-day\" role=\"gridcell\" aria-label=\"25 aprilie\">\n\t\t\t\t\t<span class=\"bz-cal-daynr\">25<\/span>\n\n\t\t\t\t\t\t\t\t\t<\/div>\n\t\t\t\t\t\t\t<div class=\"bz-cal-day\" role=\"gridcell\" aria-label=\"26 aprilie\">\n\t\t\t\t\t<span class=\"bz-cal-daynr\">26<\/span>\n\n\t\t\t\t\t\t\t\t\t<\/div>\n\t\t\t\t\t\t\t<div class=\"bz-cal-day\" role=\"gridcell\" aria-label=\"27 aprilie\">\n\t\t\t\t\t<span class=\"bz-cal-daynr\">27<\/span>\n\n\t\t\t\t\t\t\t\t\t<\/div>\n\t\t\t\t\t\t\t<div class=\"bz-cal-day\" role=\"gridcell\" aria-label=\"28 aprilie\">\n\t\t\t\t\t<span class=\"bz-cal-daynr\">28<\/span>\n\n\t\t\t\t\t\t\t\t\t<\/div>\n\t\t\t\t\t\t\t<div class=\"bz-cal-day\" role=\"gridcell\" aria-label=\"29 aprilie\">\n\t\t\t\t\t<span class=\"bz-cal-daynr\">29<\/span>\n\n\t\t\t\t\t\t\t\t\t<\/div>\n\t\t\t\t\t\t\t<div class=\"bz-cal-day bz-cal-day--today\" role=\"gridcell\" aria-label=\"30 aprilie\">\n\t\t\t\t\t<span class=\"bz-cal-daynr\">30<\/span>\n\n\t\t\t\t\t\t\t\t\t\t\t<div class=\"bz-cal-events\">\n\t\t\t\t\t\t\t\t\t\t\t\t\t\t\t<a\n\t\t\t\t\t\t\t\t\thref=\"https:\/\/berlinzusammen.de\/ro\/events\/ag-kommunikation\/\"\n\t\t\t\t\t\t\t\t\tclass=\"bz-cal-event\"\n\t\t\t\t\t\t\t\t\tstyle=\"background:#7E3CFF;color:#ffffff;\"\n\t\t\t\t\t\t\t\t\tdata-location=\"hybrid\"\t\t\t\t\t\t\t\t\tdata-desc=\"17 Uhr, w\u00f6chentlich\"\t\t\t\t\t\t\t\t><span class=\"bz-cal-event-time\">17:00<\/span><span class=\"bz-cal-event-title\">AG Comunicare<\/span><\/a>\n\t\t\t\t\t\t\t\t\t\t\t\t\t<\/div>\n\t\t\t\t\t\t\t\t\t<\/div>\n\t\t\t\n\t\t\t\t\t\t\t<div class=\"bz-cal-day bz-cal-day--empty\" aria-hidden=\"true\"><\/div>\n\t\t\t\t\t\t\t<div class=\"bz-cal-day bz-cal-day--empty\" aria-hidden=\"true\"><\/div>\n\t\t\t\t\t\t\t<div class=\"bz-cal-day bz-cal-day--empty\" aria-hidden=\"true\"><\/div>\n\t\t\t\n\t\t<\/div>\n\t<\/div>\n\n<\/div>\n\n\n\n<div style=\"height:100px\" aria-hidden=\"true\" class=\"wp-block-spacer\"><\/div>\n<\/div>","protected":false},"excerpt":{"rendered":"","protected":false},"author":1,"featured_media":0,"parent":0,"menu_order":0,"comment_status":"closed","ping_status":"closed","template":"","meta":{"_acf_changed":false,"footnotes":""},"class_list":["post-53","page","type-page","status-publish","hentry"],"acf":[],"_links":{"self":[{"href":"https:\/\/berlinzusammen.de\/ro\/wp-json\/wp\/v2\/pages\/53","targetHints":{"allow":["GET"]}}],"collection":[{"href":"https:\/\/berlinzusammen.de\/ro\/wp-json\/wp\/v2\/pages"}],"about":[{"href":"https:\/\/berlinzusammen.de\/ro\/wp-json\/wp\/v2\/types\/page"}],"author":[{"embeddable":true,"href":"https:\/\/berlinzusammen.de\/ro\/wp-json\/wp\/v2\/users\/1"}],"replies":[{"embeddable":true,"href":"https:\/\/berlinzusammen.de\/ro\/wp-json\/wp\/v2\/comments?post=53"}],"version-history":[{"count":1,"href":"https:\/\/berlinzusammen.de\/ro\/wp-json\/wp\/v2\/pages\/53\/revisions"}],"predecessor-version":[{"id":425,"href":"https:\/\/berlinzusammen.de\/ro\/wp-json\/wp\/v2\/pages\/53\/revisions\/425"}],"wp:attachment":[{"href":"https:\/\/berlinzusammen.de\/ro\/wp-json\/wp\/v2\/media?parent=53"}],"curies":[{"name":"wp","href":"https:\/\/api.w.org\/{rel}","templated":true}]}}