{"id":3,"date":"2026-03-03T19:15:47","date_gmt":"2026-03-03T18:15:47","guid":{"rendered":"https:\/\/berlinzusammen.de\/?page_id=3"},"modified":"2026-04-07T09:10:13","modified_gmt":"2026-04-07T07:10:13","slug":"datenschutzerklaerung","status":"publish","type":"page","link":"https:\/\/berlinzusammen.de\/tr\/datenschutzerklaerung\/","title":{"rendered":"Gizlilik Politikas\u0131"},"content":{"rendered":"<div class=\"wp-block-group is-vertical is-layout-flex wp-container-core-group-is-layout-c35747d5 wp-block-group-is-layout-flex\"><h2 class=\"wp-block-post-title\">Gizlilik Politikas\u0131<\/h2>\n\n\n<h4 class=\"wp-block-heading\">1. Sorumlu Makam<\/h4>\n\n\n\n<p>Bu web sitesinde veri i\u015flemenin sorumlusu \u015fudur:<\/p>\n\n\n\n<p>BerlinZusammen e.V.<br>Audre-Lorde-Cad. 26<br>10997 Berlin<br>Almanya<\/p>\n\n\n\n<p>E-Posta: info (at) berlinzusammen.de<\/p>\n\n\n\n<p>Dernek y\u00f6netim kurulu taraf\u0131ndan temsil edilir.<\/p>\n\n\n\n<h4 class=\"wp-block-heading\">2. Veri i\u015flemeye ili\u015fkin genel bilgiler<\/h4>\n\n\n\n<p>Ki\u015fisel verilerinizin korunmas\u0131 bizim i\u00e7in \u00f6nemlidir. Ki\u015fisel verilerinizi Gizlilik ve Telekom\u00fcnikasyon Dijital Hizmetler Veri Koruma Yasas\u0131 (TTDSG) ba\u015fta olmak \u00fczere, yasal veri koruma d\u00fczenlemelerine uygun olarak gizli tutuyoruz.<\/p>\n\n\n\n<p>Ki\u015fisel veriler, sizinle ilgili \u015fahsen tan\u0131mlanabilece\u011finiz t\u00fcm verilerdir.<\/p>\n\n\n\n<h4 class=\"wp-block-heading\">3. Web Sitesi Ziyareti S\u0131ras\u0131nda Veri Toplama<\/h4>\n\n\n\n<p>Web sitemiz ziyaret edildi\u011finde, bar\u0131nd\u0131rma sa\u011flay\u0131c\u0131s\u0131 taraf\u0131ndan otomatik olarak bilgiler toplan\u0131r ve sunucu g\u00fcnl\u00fck dosyalar\u0131 ad\u0131 verilen dosyalarda saklan\u0131r. Bunlar \u00f6zellikle \u015funlard\u0131r:<\/p>\n\n\n\n<ul class=\"wp-block-list\">\n<li>IP adresi<\/li>\n\n\n\n<li>\u0130stek tarihi ve saati<\/li>\n\n\n\n<li>Taray\u0131c\u0131 t\u00fcr\u00fc ve taray\u0131c\u0131 s\u00fcr\u00fcm\u00fc<\/li>\n\n\n\n<li>kullan\u0131lan i\u015fletim sistemi<\/li>\n\n\n\n<li>Y\u00f6nlendiren URL<\/li>\n\n\n\n<li>Eri\u015fen bilgisayar\u0131n ana makine ad\u0131<\/li>\n<\/ul>\n\n\n\n<p>Bu veriler belirli ki\u015filere atfedilmez.<\/p>\n\n\n\n<p>\u0130\u015fleme, \u015fu temelde yap\u0131l\u0131r: <strong>6. Maddenin 1. f bendi TGD<\/strong> (me\u015fru menfaat), web sitesinin istikrarl\u0131 ve g\u00fcvenli \u00e7al\u0131\u015fmas\u0131n\u0131 sa\u011flamak.<\/p>\n\n\n\n<h4 class=\"wp-block-heading\">4. Web sitesi bar\u0131nd\u0131rma<\/h4>\n\n\n\n<p>Bu web sitesi ... ile olu\u015fturuldu <strong>WordPress<\/strong> olu\u015fturulmu\u015f.<\/p>\n\n\n\n<p>Web sitesinin bar\u0131nd\u0131rma hizmeti \u015funlar taraf\u0131ndan sa\u011flanmaktad\u0131r:<\/p>\n\n\n\n<p>STRATO AG<br>Otto-Ostrowski-Soka\u011f\u0131 7<br>10249 Berlin<br>Almanya<\/p>\n\n\n\n<p>Bar\u0131nd\u0131rma sa\u011flay\u0131c\u0131s\u0131, ki\u015fisel verileri yaln\u0131zca bir \u00e7er\u00e7evede i\u015fler <strong>28. GDPR Uyar\u0131nca Veri \u0130\u015fleme S\u00f6zle\u015fmesi<\/strong>.<\/p>\n\n\n\n<p>STRATO taraf\u0131ndan veri i\u015fleme hakk\u0131nda daha fazla bilgiyi \u015furada bulabilirsiniz:<br><a href=\"https:\/\/www.strato.de\/datenschutz\/\">https:\/\/www.strato.de\/datenschutz\/<\/a><\/p>\n\n\n\n<h4 class=\"wp-block-heading\">5. \u0130leti\u015fim<\/h4>\n\n\n\n<p>E-posta veya ileti\u015fim formu arac\u0131l\u0131\u011f\u0131yla bizimle ileti\u015fime ge\u00e7ti\u011finizde, sa\u011flad\u0131\u011f\u0131n\u0131z veriler (ad\u0131n\u0131z, e-posta adresiniz ve mesaj\u0131n\u0131z gibi) iste\u011finizi i\u015flemek \u00fczere saklan\u0131r.<\/p>\n\n\n\n<p>\u0130\u015fleme \u015funlara dayanmaktad\u0131r:<\/p>\n\n\n\n<ul class=\"wp-block-list\">\n<li><strong>6. Maddenin 1. F\u0131kras\u0131n\u0131n b bendi T GDPR<\/strong>, s\u00f6zle\u015fme kurulmas\u0131 veya yap\u0131lmas\u0131 ile ilgiliyse<\/li>\n\n\n\n<li><strong>6. Maddenin 1. f bendi TGD<\/strong>, talebinizin i\u015flenmesinde me\u015fru bir menfaatiniz bulundu\u011fu takdirde<\/li>\n<\/ul>\n\n\n\n<p>Veriler, i\u015fleme amac\u0131 i\u00e7in art\u0131k gerekli olmad\u0131\u011f\u0131nda ve yasal saklama zorunluluklar\u0131 bulunmad\u0131\u011f\u0131nda silinecektir.<\/p>\n\n\n\n<p>Bu sitede bir ileti\u015fim formu kullan\u0131l\u0131yorsa, teknik olarak \u015fu WordPress eklentisi arac\u0131l\u0131\u011f\u0131yla sa\u011flanmaktad\u0131r:<\/p>\n\n\n\n<ul class=\"wp-block-list\">\n<li>\u0130leti\u015fim Formu 7<\/li>\n\n\n\n<li>Brevo<\/li>\n<\/ul>\n\n\n\n<h5 class=\"wp-block-heading has-large-font-size\">5.1 mosquito<\/h5>\n\n\n\n<p>Bu web sitesinde mosparo.io'yu (bundan b\u00f6yle \u201emosparo\u201c olarak an\u0131lacakt\u0131r) kullan\u0131yoruz. mosparo, a\u00e7\u0131k kaynakl\u0131 bir yaz\u0131l\u0131md\u0131r ve bu kapsamda&nbsp;<a href=\"https:\/\/opensource.org\/licenses\/MIT\">MIT Lisans\u0131<\/a>&nbsp;mosparo Services, web sitesi sahibi taraf\u0131ndan y\u00f6netilen sunucularda \u00e7al\u0131\u015ft\u0131r\u0131l\u0131r.<\/p>\n\n\n\n<p>mosparo, bu web sitesindeki veri giri\u015finin (\u00f6rne\u011fin bir ileti\u015fim formunda) insan m\u0131 yoksa otomatik bir program taraf\u0131ndan m\u0131 yap\u0131ld\u0131\u011f\u0131n\u0131 kontrol etmek i\u00e7in kullan\u0131l\u0131r. Bunu yapmak i\u00e7in mosparo, web sitesi ziyaret\u00e7isinin davran\u0131\u015f\u0131n\u0131 \u00e7e\u015fitli \u00f6zelliklere g\u00f6re analiz eder.<\/p>\n\n\n\n<p>Bu analiz, web sitesi ziyaret\u00e7isi mosparo etkinle\u015ftirilmi\u015f bir web sitesine girdi\u011finde otomatik olarak ba\u015flar. Analiz i\u00e7in mosparo, \u00e7e\u015fitli bilgileri de\u011ferlendirir (\u00f6rne\u011fin, IP adresi, web sitesi ziyaret\u00e7isinin web sitesinde kalma s\u00fcresi veya kullan\u0131c\u0131 taraf\u0131ndan yap\u0131lan fare hareketleri). Analiz s\u0131ras\u0131nda toplanan veriler \u015fifrelenerek mosparo sunucusuna iletilir.<\/p>\n\n\n\n<p>Veri depolama ve analizi, GDPR Madde 6 (1) f f\u0131kras\u0131 uyar\u0131nca ger\u00e7ekle\u015ftirilir. Web sitesi operat\u00f6r\u00fcn\u00fcn, web tekliflerini k\u00f6t\u00fc niyetli otomatik veri kaz\u0131ma ve SPAM'den korumak i\u00e7in me\u015fru bir menfaati vard\u0131r. \u0130lgili bir onay istenmi\u015fse, i\u015fleme yaln\u0131zca GDPR Madde 6 (1) a f\u0131kras\u0131 ve TTDSG \u00a7 25 (1) uyar\u0131nca, onay \u00e7erezlerin depolanmas\u0131n\u0131 veya TTDSG anlam\u0131nda kullan\u0131c\u0131n\u0131n son cihaz\u0131ndaki bilgilere eri\u015fimi (\u00f6rne\u011fin, cihaz parmak izi) kaps\u0131yorsa ger\u00e7ekle\u015ftirilir. Onay herhangi bir zamanda geri al\u0131nabilir.<\/p>\n\n\n\n<p>mosparo hakk\u0131nda daha fazla bilgi i\u00e7in web sitesine bak\u0131n\u0131z:&nbsp;<a href=\"https:\/\/mosparo.io\/about-mosparo\/\">https:\/\/mosparo.io\/about-mosparo\/<\/a><\/p>\n\n\n\n<h4 class=\"wp-block-heading\">6. B\u00fclten<\/h4>\n\n\n\n<p>B\u00fcltenimize abone oldu\u011funuzda, e-posta adresinizi yaln\u0131zca b\u00fclten g\u00f6ndermek i\u00e7in kullan\u0131r\u0131z.<\/p>\n\n\n\n<p>Sevkiyat hizmeti \u00fczerinden yap\u0131lmaktad\u0131r <strong>Brevo<\/strong> (eski Sendinblue).<\/p>\n\n\n\n<p>Sa\u011flay\u0131c\u0131:<br>Sendinblue GmbH<br>K\u00f6penicker Stra\u00dfe 126<br>10179 Berlin<br>Almanya<\/p>\n\n\n\n<p>Brevo, b\u00fclten g\u00f6nderimlerini organize etmemize ve analiz etmemize olanak tan\u0131r. B\u00fclten abonesi olma amac\u0131yla girdi\u011finiz veriler Brevo'nun sunucular\u0131nda saklanmaktad\u0131r.<\/p>\n\n\n\n<p>Teslimat, sizin bilgilerinize dayanarak yap\u0131l\u0131r <strong>6(1)(a) GDPR uyar\u0131nca onay<\/strong>.<\/p>\n\n\n\n<p>Onay\u0131n\u0131z\u0131 istedi\u011finiz zaman, \u00f6rne\u011fin b\u00fcltenin alt\u0131ndaki abonelikten \u00e7\u0131kma ba\u011flant\u0131s\u0131 arac\u0131l\u0131\u011f\u0131yla geri \u00e7ekebilirsiniz.<\/p>\n\n\n\n<p>Verilerin Brevo taraf\u0131ndan nas\u0131l i\u015flendi\u011fi hakk\u0131nda daha fazla bilgi i\u00e7in bkz.:<br><a href=\"https:\/\/www.brevo.com\/de\/legal\/privacypolicy\/\">https:\/\/www.brevo.com\/de\/legal\/privacypolicy\/<\/a><\/p>\n\n\n\n<h4 class=\"wp-block-heading\">7. \u00c7erezler<\/h4>\n\n\n\n<p>Unsere Website kann technische und optionale Cookies verwenden. Cookies sind kleine Textdateien, die auf Ihrem Endger\u00e4t gespeichert werden.<\/p>\n\n\n\n<p>\u015eu \u015fekilde ayr\u0131m yap\u0131l\u0131r:<\/p>\n\n\n\n<p><strong>Teknik olarak gerekli \u00e7erezler<\/strong><strong><br><\/strong>Bunlar, sitenin temel i\u015flevlerini sa\u011flamak i\u00e7in gereklidir.<\/p>\n\n\n\n<p><strong>\u0130ste\u011fe ba\u011fl\u0131 \u00c7erezler<\/strong><strong><br><\/strong>Bunlar \u00f6rne\u011fin istatistiksel analizler veya konfor fonksiyonlar\u0131 i\u00e7in kullan\u0131l\u0131r.<\/p>\n\n\n\n<p>Teknik olarak gerekli \u00e7erezler \u015fu \u015fekilde kullan\u0131l\u0131r: <strong>TTDSG Madde 25 Paragraf 2 ile DSGVO Madde 6 Paragraf 1 bent f<\/strong> kay\u0131tl\u0131. <\/p>\n\n\n\n<p>Zur Verwaltung der eingesetzten Cookies und \u00e4hnlichen Technologien (Tracking-Pixel, Web-Beacons etc.) und diesbez\u00fcglicher Einwilligungen setzen wir das Consent Tool &#8222;Real Cookie Banner&#8220; ein. Details zur Funktionsweise von &#8222;Real Cookie Banner&#8220; findest du unter <a href=\"https:\/\/devowl.io\/de\/rcb\/datenverarbeitung\/\" target=\"_blank\" rel=\"noreferrer noopener\">https:\/\/devowl.io\/de\/rcb\/datenverarbeitung\/<\/a>.<\/p>\n\n\n\n<p>Rechtsgrundlagen f\u00fcr die Verarbeitung von personenbezogenen Daten in diesem Zusammenhang sind Art. 6 Abs. 1 lit. c DS-GVO und Art. 6 Abs. 1 lit. f DS-GVO. Unser berechtigtes Interesse ist die Verwaltung der eingesetzten Cookies und \u00e4hnlichen Technologien und der diesbez\u00fcglichen Einwilligungen.<\/p>\n\n\n\n<p>Die Bereitstellung der personenbezogenen Daten ist weder vertraglich vorgeschrieben noch f\u00fcr den Abschluss eines Vertrages notwendig. Du bist nicht verpflichtet die personenbezogenen Daten bereitzustellen. Wenn du die personenbezogenen Daten nicht bereitstellst, k\u00f6nnen wir deine Einwilligungen nicht verwalten.<\/p>\n\n\n\n<h4 class=\"wp-block-heading\">8. Sosyal Medya Varl\u0131klar\u0131<\/h4>\n\n\n\n<p>BerlinZusammen e.V. \u00e7al\u0131\u015fmalar\u0131 hakk\u0131nda bilgi vermek ve ilgili ki\u015filerle ileti\u015fim kurmak amac\u0131yla sosyal a\u011flarda halka a\u00e7\u0131k profiller i\u015fletmektedir.<\/p>\n\n\n\n<p>Sosyal medya sayfalar\u0131m\u0131z\u0131 ziyaret etti\u011finizde, platformlar\u0131n operat\u00f6rleri taraf\u0131ndan ki\u015fisel veriler i\u015flenebilir. Bunlara a\u015fa\u011f\u0131dakiler dahil olabilir:<\/p>\n\n\n\n<ul class=\"wp-block-list\">\n<li>IP adresi<\/li>\n\n\n\n<li>Kullan\u0131m davran\u0131\u015f\u0131<\/li>\n\n\n\n<li>Etkile\u015fimler (\u00f6rne\u011fin be\u011feniler veya yorumlar)<\/li>\n\n\n\n<li>kullan\u0131lan cihaz hakk\u0131nda teknik bilgiler<\/li>\n<\/ul>\n\n\n\n<p>Bu veri i\u015fleme i\u015flemi ilgili platform i\u015fletmecilerinin sorumlulu\u011fundad\u0131r.<\/p>\n\n\n\n<p>\u0130lgili sa\u011flay\u0131c\u0131lar\u0131n gizlilik bildirimlerinde daha fazla bilgi bulabilirsiniz.<\/p>\n\n\n\n<p>Instagram<br><a href=\"https:\/\/privacycenter.instagram.com\/\">https:\/\/privacycenter.instagram.com\/<\/a><\/p>\n\n\n\n<p>LinkedIn<br><a href=\"https:\/\/www.linkedin.com\/legal\/privacy-policy\">https:\/\/www.linkedin.com\/legal\/privacy-policy<\/a><\/p>\n\n\n\n<p>Mavi g\u00f6ky\u00fcz\u00fc<br><a href=\"https:\/\/bsky.social\/about\/support\/privacy-policy\">https:\/\/bsky.social\/about\/support\/privacy-policy<\/a><\/p>\n\n\n\n<p>Bizimle sosyal medya \u00fczerinden ileti\u015fim kurdu\u011funuzda, sa\u011flad\u0131\u011f\u0131n\u0131z verileri yaln\u0131zca talebinizi veya yorumunuzu i\u015flemek i\u00e7in kullan\u0131r\u0131z.<\/p>\n\n\n\n<h4 class=\"wp-block-heading\">9. YouTube Videolar\u0131n\u0131n Kat\u0131lmas\u0131<\/h4>\n\n\n\n<p>Web sitemizde YouTube platformuna ait videolar yerle\u015ftirilmi\u015f olabilir.<\/p>\n\n\n\n<p>Sa\u011flay\u0131c\u0131 \u015fudur:<br>Google \u0130rlanda Limited<br>Gordon House, Barrow Caddesi<br>Dublin 4<br>\u0130rlanda<\/p>\n\n\n\n<p>G\u00f6mme i\u015flemi geli\u015fmi\u015f gizlilik modu (\u201eyoutube-nocookie\u201c) ile ger\u00e7ekle\u015ftirilir. Buna g\u00f6re YouTube, bu web sitesini ziyaret edenler hakk\u0131nda ba\u015flang\u0131\u00e7ta hi\u00e7bir bilgi depolamaz.<\/p>\n\n\n\n<p>Yaln\u0131zca bir videoyu aktif olarak oynatt\u0131\u011f\u0131n\u0131zda YouTube sunucular\u0131na bir ba\u011flant\u0131 kurulabilir. Bu s\u0131rada YouTube, hangi sayfalar\u0131m\u0131z\u0131 ziyaret etti\u011finiz hakk\u0131nda bilgi alabilir.<\/p>\n\n\n\n<p>YouTube hesab\u0131n\u0131za giri\u015f yapt\u0131\u011f\u0131n\u0131zda, YouTube'un tarama davran\u0131\u015f\u0131n\u0131z\u0131 do\u011frudan ki\u015fisel profilinize ba\u011flamas\u0131na olanak tan\u0131rs\u0131n\u0131z.<\/p>\n\n\n\n<p>YouTube'un kullan\u0131m\u0131, \u00e7evrimi\u00e7i tekliflerimizin \u00e7ekici bir \u015fekilde sunulmas\u0131yla ilgilidir. Bu, GDPR Madde 6 Paragraf 1 bent f anlam\u0131nda me\u015fru bir menfaattir.<\/p>\n\n\n\n<p>YouTube'da gizlilikle ilgili daha fazla bilgi i\u00e7in:<br><a href=\"https:\/\/policies.google.com\/privacy\">https:\/\/policies.google.com\/privacy<\/a><\/p>\n\n\n\n<h4 class=\"wp-block-heading\">10. Einbindung von <strong>Vimeo<\/strong>-Videos<\/h4>\n\n\n\n<p>Auf unserer Website binden wir Videos des Videoportals Vimeo ein. Betreiber des Videoportals ist Vimeo Inc., 555 West 18th Street, New York, New York 10011, USA.<\/p>\n\n\n\n<p>Wenn Sie eine unserer Seiten besuchen, auf der ein Vimeo-Video eingebettet ist, wird eine Verbindung zu den Servern von Vimeo hergestellt. Dabei wird dem Vimeo-Server mitgeteilt, welche unserer Seiten Sie besucht haben. Zudem erlangt Vimeo Ihre IP-Adresse. Dies gilt auch dann, wenn Sie nicht bei Vimeo eingeloggt sind oder kein Konto bei Vimeo besitzen.<\/p>\n\n\n\n<p>Die von Vimeo erfassten Informationen werden an den Vimeo-Server in den USA \u00fcbermittelt. Rechtsgrundlage f\u00fcr die Datenverarbeitung ist Art. 6 Abs. 1 lit. a DSGVO (Einwilligung) sowie Art. 6 Abs. 1 lit. f DSGVO (berechtigtes Interesse an einer ansprechenden Darstellung unserer Online-Angebote).<\/p>\n\n\n\n<p>Vimeo verwendet Cookies bzw. vergleichbare Wiedererkennungstechnologien (z. B. Device-Fingerprinting), um Websitebesucher wiederzuerkennen.<\/p>\n\n\n\n<p>Wenn Sie in Ihrem Vimeo-Account eingeloggt sind, erm\u00f6glichen Sie Vimeo, Ihr Surfverhalten direkt Ihrem pers\u00f6nlichen Profil zuzuordnen. Dies k\u00f6nnen Sie verhindern, indem Sie sich aus Ihrem Vimeo-Account ausloggen.<\/p>\n\n\n\n<p>Die Daten\u00fcbertragung in die USA wird auf die Standardvertragsklauseln der EU-Kommission gest\u00fctzt. Details finden Sie hier: <a href=\"https:\/\/vimeo.com\/privacy\">https:\/\/vimeo.com\/privacy<\/a><\/p>\n\n\n\n<p>Weitere Informationen zum Umgang mit Nutzerdaten finden Sie in der Datenschutzerkl\u00e4rung von Vimeo unter: <a href=\"https:\/\/vimeo.com\/privacy\">https:\/\/vimeo.com\/privacy<\/a><\/p>\n\n\n\n<h4 class=\"wp-block-heading\">11. Verlinkungen zu externen Websites<\/h4>\n\n\n\n<p>Web sitemiz harici web sitelerine ba\u011flant\u0131lar i\u00e7erebilir.<\/p>\n\n\n\n<p>B\u00f6yle bir ba\u011flant\u0131y\u0131 izlerseniz, bu sitelerin i\u00e7erikleri ve gizlilik uygulamalar\u0131 \u00fczerinde hi\u00e7bir kontrol\u00fcm\u00fcz olmad\u0131\u011f\u0131n\u0131 belirtmek isteriz.<\/p>\n\n\n\n<p>Ba\u011flant\u0131 verilen sitelerdeki ki\u015fisel verilerin i\u015flenmesinden yaln\u0131zca ilgili i\u015fletmeciler sorumludur.<\/p>\n\n\n\n<h4 class=\"wp-block-heading\">12. Ihre Rechte<\/h4>\n\n\n\n<p>T\u00fcm ge\u00e7erli yasal d\u00fczenlemeler \u00e7er\u00e7evesinde a\u015fa\u011f\u0131daki haklara sahipsiniz:<\/p>\n\n\n\n<ul class=\"wp-block-list\">\n<li>Hak <strong>bilgi<\/strong> Kaydedilmi\u015f verileriniz hakk\u0131nda (GDPR Madde 15)<\/li>\n\n\n\n<li>Hak <strong>D\u00fczeltme<\/strong> Yanl\u0131\u015f veriler (GDPR Madde 16)<\/li>\n\n\n\n<li>Hak <strong>Silme<\/strong> Verileriniz (GDPR Madde 17)<\/li>\n\n\n\n<li>Hak <strong>\u0130\u015flemenin K\u0131s\u0131tlanmas\u0131<\/strong> (GDPR Madde 18)<\/li>\n\n\n\n<li>Hak <strong>Veri ta\u015f\u0131nabilirli\u011fi<\/strong> (20. Madde GDPR)<\/li>\n\n\n\n<li>Hak <strong>\u0130\u015fleme itiraz\u0131<\/strong> (DSGVO Madde 21)<\/li>\n<\/ul>\n\n\n\n<p>Haklar\u0131n\u0131z\u0131 kullanmak i\u00e7in istedi\u011finiz zaman bizimle ileti\u015fime ge\u00e7ebilirsiniz.<\/p>\n\n\n\n<h4 class=\"wp-block-heading\">13. Widerruf einer Einwilligung<\/h4>\n\n\n\n<p>Bir\u00e7ok veri i\u015fleme i\u015flemi yaln\u0131zca sizin a\u00e7\u0131k r\u0131zan\u0131zla m\u00fcmk\u00fcnd\u00fcr.<\/p>\n\n\n\n<p>Verdi\u011finiz onay\u0131 istedi\u011finiz zaman geri \u00e7ekebilirsiniz. Geri \u00e7ekme tarihine kadar yap\u0131lan veri i\u015flemenin yasall\u0131\u011f\u0131 bundan etkilenmez.<\/p>\n\n\n\n<h4 class=\"wp-block-heading\">14. Beschwerderecht bei der Aufsichtsbeh\u00f6rde<\/h4>\n\n\n\n<p>Ki\u015fisel verilerinizin i\u015flenmesi hakk\u0131nda bir veri koruma denetleme makam\u0131na \u015fikayette bulunma hakk\u0131na sahipsiniz.<\/p>\n\n\n\n<p>Berlin'deki yetkili denetleyici makam \u015fudur:<\/p>\n\n\n\n<p>Berlin Veri Koruma ve Bilgi \u00d6zg\u00fcrl\u00fc\u011f\u00fc Sorumlusu<br>Alt-Moabit 59\u201361<br>10555 Berlin<\/p>\n\n\n\n<p><a href=\"https:\/\/www.datenschutz-berlin.de\">https:\/\/www.datenschutz-berlin.de<\/a><\/p>\n\n\n\n<h4 class=\"wp-block-heading\">15. Aktualit\u00e4t dieser Datenschutzerkl\u00e4rung<\/h4>\n\n\n\n<p>Bu gizlilik politikas\u0131, yasal gereklilikleri uygulamak veya sundu\u011fumuz hizmetlerdeki de\u011fi\u015fiklikleri yans\u0131tmak amac\u0131yla d\u00fczenli olarak g\u00fcncellenecektir.<\/p>\n\n\n\n<p>Stand:. April 2026<\/p>\n<\/div>\n\n\n\n<p><\/p>","protected":false},"excerpt":{"rendered":"<p>1. Verantwortliche Stelle Verantwortlich f\u00fcr die Datenverarbeitung auf dieser Website ist: BerlinZusammen e.V.Audre-Lorde-Str. 2610997 BerlinDeutschland E-Mail: info (at) berlinzusammen.de Der Verein wird vertreten durch den Vorstand. 2. Allgemeine Hinweise zur Datenverarbeitung Der Schutz Ihrer personenbezogenen Daten ist uns ein wichtiges Anliegen. Wir behandeln Ihre personenbezogenen Daten vertraulich und entsprechend der gesetzlichen Datenschutzvorschriften, insbesondere der Datenschutz-Grundverordnung [&hellip;]<\/p>\n","protected":false},"author":1,"featured_media":0,"parent":0,"menu_order":0,"comment_status":"closed","ping_status":"open","template":"","meta":{"_acf_changed":false,"footnotes":""},"class_list":["post-3","page","type-page","status-publish","hentry"],"acf":[],"_links":{"self":[{"href":"https:\/\/berlinzusammen.de\/tr\/wp-json\/wp\/v2\/pages\/3","targetHints":{"allow":["GET"]}}],"collection":[{"href":"https:\/\/berlinzusammen.de\/tr\/wp-json\/wp\/v2\/pages"}],"about":[{"href":"https:\/\/berlinzusammen.de\/tr\/wp-json\/wp\/v2\/types\/page"}],"author":[{"embeddable":true,"href":"https:\/\/berlinzusammen.de\/tr\/wp-json\/wp\/v2\/users\/1"}],"replies":[{"embeddable":true,"href":"https:\/\/berlinzusammen.de\/tr\/wp-json\/wp\/v2\/comments?post=3"}],"version-history":[{"count":4,"href":"https:\/\/berlinzusammen.de\/tr\/wp-json\/wp\/v2\/pages\/3\/revisions"}],"predecessor-version":[{"id":397,"href":"https:\/\/berlinzusammen.de\/tr\/wp-json\/wp\/v2\/pages\/3\/revisions\/397"}],"wp:attachment":[{"href":"https:\/\/berlinzusammen.de\/tr\/wp-json\/wp\/v2\/media?parent=3"}],"curies":[{"name":"wp","href":"https:\/\/api.w.org\/{rel}","templated":true}]}}