{"id":49,"date":"2026-03-04T13:19:25","date_gmt":"2026-03-04T12:19:25","guid":{"rendered":"https:\/\/berlinzusammen.de\/?page_id=49"},"modified":"2026-04-13T19:36:07","modified_gmt":"2026-04-13T17:36:07","slug":"mach-mit","status":"publish","type":"page","link":"https:\/\/berlinzusammen.de\/vi\/mach-mit\/","title":{"rendered":"H\u00e3y tham gia c\u00f9ng ch\u00fang t\u00f4i!"},"content":{"rendered":"<div class=\"wp-block-group alignfull bz-section bz-section--green has-base-background-color has-background has-global-padding is-content-justification-left is-layout-constrained wp-container-core-group-is-layout-532a9852 wp-block-group-is-layout-constrained\" style=\"padding-top:var(--wp--preset--spacing--80);padding-right:var(--wp--preset--spacing--60);padding-bottom:var(--wp--preset--spacing--80);padding-left:var(--wp--preset--spacing--60)\">\n<div class=\"wp-block-columns is-layout-flex wp-container-core-columns-is-layout-fa584acd wp-block-columns-is-layout-flex\">\n<div class=\"wp-block-column is-vertically-aligned-top is-layout-flow wp-block-column-is-layout-flow\" style=\"flex-basis:250px\">\n<div class=\"blob-bubble bg-purple\">\n  <span class=\"blob-bubble__text bg-purple\">H\u00e3y tham gia c\u00f9ng ch\u00fang t\u00f4i!<\/span>\n<\/div>\n<\/div>\n\n\n\n<div class=\"wp-block-column is-vertically-aligned-center is-layout-flow wp-container-core-column-is-layout-f5bb311e wp-block-column-is-layout-flow\">\n<h2 class=\"wp-block-heading has-2-xl-font-size\">\u0110\u1ec3 s\u1ef1 thay \u0111\u1ed5i ch\u00ednh s\u00e1ch th\u00e0nh c\u00f4ng, ch\u00fang t\u00f4i c\u1ea7n s\u1ef1 \u1ee7ng h\u1ed9 c\u1ee7a b\u1ea1n! <\/h2>\n\n\n\n<p>\u0110\u1ec3 ch\u00fang ta ng\u00e0y c\u00e0ng \u0111\u00f4ng \u0111\u1ea3o h\u01a1n: nhi\u1ec1u nh\u00f3m h\u01a1n, nhi\u1ec1u th\u00e0nh vi\u00ean t\u00edch c\u1ef1c h\u01a1n, c\u00f9ng v\u1edbi nhi\u1ec1u ti\u1ebfng n\u00f3i trong khu ph\u1ed1, tr\u00ean \u0111\u01b0\u1eddng ph\u1ed1 v\u00e0 t\u1ea1i t\u1eebng c\u00e1nh c\u1eeda nh\u00e0. BerlinZusammen \u0111ang trong qu\u00e1 tr\u00ecnh h\u00ecnh th\u00e0nh \u2013 v\u00e0 ch\u00ednh l\u00fac n\u00e0y l\u00e0 th\u1eddi \u0111i\u1ec3m \u0111\u1ec3 b\u1ea1n tham gia.\u2028<\/p>\n\n\n\n<p>\u270a B\u1ea1n c\u00f3 th\u1ec3 l\u00e0m nh\u01b0 sau:&nbsp;<\/p>\n\n\n\n<ul class=\"wp-block-list\">\n<li>H\u00e3y gi\u1edbi thi\u1ec7u BerlinZusammen v\u1edbi b\u1ea1n b\u00e8, gia \u0111\u00ecnh ho\u1eb7c nh\u00f3m c\u1ee7a b\u1ea1n \u2013 v\u00e0 c\u00f9ng nhau th\u1ea3o lu\u1eadn xem c\u00e1c b\u1ea1n mu\u1ed1n tham gia nh\u01b0 th\u1ebf n\u00e0o.<\/li>\n\n\n\n<li>H\u00e3y tham gia m\u1ed9t trong c\u00e1c nh\u00f3m l\u00e0m vi\u1ec7c c\u1ee7a ch\u00fang t\u00f4i.<\/li>\n\n\n\n<li>H\u1ed7 tr\u1ee3 vi\u1ec7c x\u00e2y d\u1ef1ng c\u00e1c c\u01a1 c\u1ea5u c\u1ea5p qu\u1eadn.<\/li>\n\n\n\n<li>H\u00e3y tham gia v\u00e0o c\u00e1c bu\u1ed5i h\u1ed9i th\u1ea3o v\u00e0 ho\u1ea1t \u0111\u1ed9ng c\u1ee5 th\u1ec3.<\/li>\n<\/ul>\n\n\n\n<p><strong>T\u1eeb m\u00f9a xu\u00e2n n\u0103m 2026, ch\u00fang t\u00f4i s\u1ebd b\u1eaft \u0111\u1ea7u th\u00e0nh l\u1eadp c\u00e1c nh\u00f3m c\u1ea5p qu\u1eadn tr\u00ean to\u00e0n th\u00e0nh ph\u1ed1. Nh\u1eefng thay \u0111\u1ed5i \u1edf Berlin s\u1ebd kh\u00f4ng t\u1ef1 nhi\u00ean x\u1ea3y ra. Nh\u01b0ng c\u00f9ng nhau, ch\u00fang ta c\u00f3 th\u1ec3 l\u00e0m \u0111\u01b0\u1ee3c.<\/strong><\/p>\n\n\n\n<div class=\"wp-block-button\" onclick=\"BzCtaPopup.open()\"><a class=\"wp-block-button__link wp-element-button\">\ud83d\udcec H\u00e3y li\u00ean h\u1ec7 v\u1edbi ch\u00fang t\u00f4i<\/a><\/div>\n<\/div>\n<\/div>\n<\/div>","protected":false},"excerpt":{"rendered":"<p>Mach mit! Damit ein Politikwechsel gelingt, brauchen wir dich! Damit wir noch viele mehr werden: mehr Gruppen, mehr Aktive sowie viele Stimmen im Kiez, auf der Strasse und an den Haust\u00fcre. BerlinZusammen befindet sich im Aufbau \u2013 und genau jetzt ist der Moment, dich einzubringen.\u2028 \u270a Das kannst du tun:&nbsp; Ab Fr\u00fchjahr 2026 starten wir [&hellip;]<\/p>\n","protected":false},"author":1,"featured_media":0,"parent":0,"menu_order":0,"comment_status":"closed","ping_status":"closed","template":"","meta":{"_acf_changed":false,"footnotes":""},"class_list":["post-49","page","type-page","status-publish","hentry"],"acf":[],"_links":{"self":[{"href":"https:\/\/berlinzusammen.de\/vi\/wp-json\/wp\/v2\/pages\/49","targetHints":{"allow":["GET"]}}],"collection":[{"href":"https:\/\/berlinzusammen.de\/vi\/wp-json\/wp\/v2\/pages"}],"about":[{"href":"https:\/\/berlinzusammen.de\/vi\/wp-json\/wp\/v2\/types\/page"}],"author":[{"embeddable":true,"href":"https:\/\/berlinzusammen.de\/vi\/wp-json\/wp\/v2\/users\/1"}],"replies":[{"embeddable":true,"href":"https:\/\/berlinzusammen.de\/vi\/wp-json\/wp\/v2\/comments?post=49"}],"version-history":[{"count":1,"href":"https:\/\/berlinzusammen.de\/vi\/wp-json\/wp\/v2\/pages\/49\/revisions"}],"predecessor-version":[{"id":426,"href":"https:\/\/berlinzusammen.de\/vi\/wp-json\/wp\/v2\/pages\/49\/revisions\/426"}],"wp:attachment":[{"href":"https:\/\/berlinzusammen.de\/vi\/wp-json\/wp\/v2\/media?parent=49"}],"curies":[{"name":"wp","href":"https:\/\/api.w.org\/{rel}","templated":true}]}}