{"id":51,"date":"2026-03-04T13:19:36","date_gmt":"2026-03-04T12:19:36","guid":{"rendered":"https:\/\/berlinzusammen.de\/?page_id=51"},"modified":"2026-04-13T19:36:43","modified_gmt":"2026-04-13T17:36:43","slug":"das-sind-wir","status":"publish","type":"page","link":"https:\/\/berlinzusammen.de\/vi\/das-sind-wir\/","title":{"rendered":"\u0110\u00f3 l\u00e0 ch\u00fang t\u00f4i"},"content":{"rendered":"<div class=\"wp-block-group alignfull bz-section bz-section--green has-contrast-background-color has-background has-global-padding is-content-justification-left is-layout-constrained wp-container-core-group-is-layout-532a9852 wp-block-group-is-layout-constrained\" style=\"padding-top:var(--wp--preset--spacing--80);padding-right:var(--wp--preset--spacing--60);padding-bottom:var(--wp--preset--spacing--80);padding-left:var(--wp--preset--spacing--60)\">\n<div class=\"wp-block-columns is-layout-flex wp-container-core-columns-is-layout-a9574bfe wp-block-columns-is-layout-flex\" style=\"margin-top:0;margin-bottom:0\">\n<div class=\"wp-block-column is-vertically-aligned-top is-layout-flow wp-block-column-is-layout-flow\" style=\"flex-basis:250px\">\n<div class=\"blob-bubble bg-green\">\n  <span class=\"blob-bubble__text bg-green\">\u0110\u00f3 l\u00e0 ch\u00fang t\u00f4i<\/span>\n<\/div>\n<\/div>\n\n\n\n<div class=\"wp-block-column is-vertically-aligned-center is-layout-flow wp-container-core-column-is-layout-f5bb311e wp-block-column-is-layout-flow\">\n<h2 class=\"wp-block-heading has-base-color has-text-color has-link-color has-2-xl-font-size wp-elements-3cdf2e61e4e9537a90b1ffcc1c2f13a0\">Nh\u1eefng ng\u01b0\u1eddi \u0111\u1ee9ng sau BerlinZusammen.&nbsp;<\/h2>\n\n\n\n<p class=\"has-base-color has-text-color has-link-color wp-elements-51e015e85b08cbd660a2d82c6b6330eb\">Ch\u00fang t\u00f4i g\u1eafn k\u1ebft b\u1edfi t\u1ea7m nh\u00ecn v\u1ec1 m\u1ed9t Berlin n\u01a1i m\u1ecdi ng\u01b0\u1eddi \u0111\u1ec1u c\u00f3 th\u1ec3 s\u1ed1ng t\u1ed1t \u2013 tr\u00ean tinh th\u1ea7n \u0111o\u00e0n k\u1ebft, d\u00e2n ch\u1ee7 v\u00e0 c\u00f3 ti\u1ebfng n\u00f3i th\u1ef1c s\u1ef1 trong vi\u1ec7c quy\u1ebft \u0111\u1ecbnh t\u01b0\u01a1ng lai c\u1ee7a th\u00e0nh ph\u1ed1. Ch\u00fang t\u00f4i l\u00e0 m\u1ed9t chi\u1ebfn d\u1ecbch v\u00e0 n\u1ec1n t\u1ea3ng c\u1ee7a x\u00e3 h\u1ed9i d\u00e2n s\u1ef1, c\u00f3 nhi\u1ec7m v\u1ee5 truy\u1ec1n t\u1ea3i m\u1ea1nh m\u1ebd nh\u1eefng mong mu\u1ed1n thay \u0111\u1ed5i c\u1ee7a c\u1ed9ng \u0111\u1ed3ng th\u00e0nh ph\u1ed1 \u0111\u1ebfn gi\u1edbi ch\u00ednh tr\u1ecb.<\/p>\n\n\n\n<p class=\"has-base-color has-text-color has-link-color wp-elements-a426ebb5207422821baf8cd24d372a41\">M\u1ed9t s\u1ed1 ng\u01b0\u1eddi trong ch\u00fang t\u00f4i \u0111\u00e3 tham gia t\u00edch c\u1ef1c v\u00e0o c\u00e1c phong tr\u00e0o x\u00e3 h\u1ed9i trong nhi\u1ec1u n\u0103m qua. Nh\u1eefng ng\u01b0\u1eddi kh\u00e1c th\u00ec m\u1edbi b\u1eaft \u0111\u1ea7u tham gia. Ch\u00fang t\u00f4i t\u1ef1 xem m\u00ecnh l\u00e0 m\u1ed9t n\u1ec1n t\u1ea3ng v\u00e0 l\u00e0 c\u1ea7u n\u1ed1i cho nhi\u1ec1u s\u00e1ng ki\u1ebfn m\u1ea1nh m\u1ebd \u0111ang n\u1ed7 l\u1ef1c th\u00fac \u0111\u1ea9y s\u1ef1 thay \u0111\u1ed5i ch\u00ednh s\u00e1ch v\u00ec l\u1ee3i \u00edch c\u1ee7a ng\u01b0\u1eddi d\u00e2n trong th\u00e0nh ph\u1ed1 n\u00e0y. \u0110\u1ed3ng th\u1eddi, ch\u00fang t\u00f4i c\u0169ng l\u00e0 \u0111i\u1ec3m li\u00ean h\u1ec7 cho nh\u1eefng ng\u01b0\u1eddi tr\u01b0\u1edbc \u0111\u00e2y ch\u01b0a t\u1eebng tham gia ho\u1ea1t \u0111\u1ed9ng, nh\u01b0ng gi\u1edd \u0111\u00e2y nh\u1eadn th\u1ea5y c\u01a1 h\u1ed9i \u0111\u1ec3 c\u00f9ng g\u00f3p ph\u1ea7n \u0111\u1ecbnh h\u00ecnh t\u01b0\u01a1ng lai c\u1ee7a Berlin.<\/p>\n\n\n\n<p class=\"has-base-color has-text-color has-link-color wp-elements-c1c42b6c451c352128e77866f47a6445\">\ud83d\udc9a Ch\u00fang t\u00f4i ch\u00e0o \u0111\u00f3n t\u1ea5t c\u1ea3 nh\u1eefng ai c\u00f9ng chia s\u1ebb mong mu\u1ed1n x\u00e2y d\u1ef1ng m\u1ed9t th\u00e0nh ph\u1ed1 \u0111o\u00e0n k\u1ebft \u2013 b\u1ea5t k\u1ec3 c\u00f3 hay kh\u00f4ng c\u00f3 kinh nghi\u1ec7m ch\u00ednh tr\u1ecb.\u2028\u2028<\/p>\n<\/div>\n<\/div>\n<\/div>\n\n\n\n<div class=\"wp-block-group has-global-padding is-layout-constrained wp-container-core-group-is-layout-c385debf wp-block-group-is-layout-constrained\" style=\"padding-top:var(--wp--preset--spacing--20);padding-right:var(--wp--preset--spacing--20);padding-bottom:var(--wp--preset--spacing--20);padding-left:var(--wp--preset--spacing--20)\"><div class=\"bz-image-gallery wp-block-berlinzusammen-image-gallery\">\n\t\t\t<div\n\t\t\tclass=\"bz-gallery-grid\"\n\t\t\tstyle=\"--bz-gallery-columns: 3;\"\n\t\t>\n\t\t\t\t\t\t<div class=\"bz-gallery-item\">\n\t\t\t\t<img\n\t\t\t\t\tsrc=\"https:\/\/berlinzusammen.de\/wp-content\/uploads\/2026\/03\/BZ-Anab-2026-3-834-Cut-scaled.jpg\"\n\t\t\t\t\talt=\"\"\n\t\t\t\t\tloading=\"lazy\"\n\t\t\t\t\/>\n\t\t\t\t\t\t\t\t<div class=\"bz-gallery-overlay\" aria-hidden=\"true\">\n\t\t\t\t\t<p class=\"bz-gallery-caption\">Anab<br \/>\nSabine<\/p>\n\t\t\t\t<\/div>\n\t\t\t\t\t\t\t<\/div>\n\t\t\t\t\t\t<div class=\"bz-gallery-item\">\n\t\t\t\t<img\n\t\t\t\t\tsrc=\"https:\/\/berlinzusammen.de\/wp-content\/uploads\/2026\/03\/BerlinZu-Raphael-Verena-Cut-scaled.jpg\"\n\t\t\t\t\talt=\"\"\n\t\t\t\t\tloading=\"lazy\"\n\t\t\t\t\/>\n\t\t\t\t\t\t\t\t<div class=\"bz-gallery-overlay\" aria-hidden=\"true\">\n\t\t\t\t\t<p class=\"bz-gallery-caption\">Raphael<br \/>\nVerena<\/p>\n\t\t\t\t<\/div>\n\t\t\t\t\t\t\t<\/div>\n\t\t\t\t\t\t<div class=\"bz-gallery-item\">\n\t\t\t\t<img\n\t\t\t\t\tsrc=\"https:\/\/berlinzusammen.de\/wp-content\/uploads\/2026\/03\/BerlinZu-Lisa-Bob-2-Cut-scaled.jpg\"\n\t\t\t\t\talt=\"\"\n\t\t\t\t\tloading=\"lazy\"\n\t\t\t\t\/>\n\t\t\t\t\t\t\t\t<div class=\"bz-gallery-overlay\" aria-hidden=\"true\">\n\t\t\t\t\t<p class=\"bz-gallery-caption\">Bob<br \/>\nLisa<\/p>\n\t\t\t\t<\/div>\n\t\t\t\t\t\t\t<\/div>\n\t\t\t\t\t\t<div class=\"bz-gallery-item\">\n\t\t\t\t<img\n\t\t\t\t\tsrc=\"https:\/\/berlinzusammen.de\/wp-content\/uploads\/2026\/03\/BerlinZu-Lena-Kalle-Cut-scaled.jpg\"\n\t\t\t\t\talt=\"\"\n\t\t\t\t\tloading=\"lazy\"\n\t\t\t\t\/>\n\t\t\t\t\t\t\t\t<div class=\"bz-gallery-overlay\" aria-hidden=\"true\">\n\t\t\t\t\t<p class=\"bz-gallery-caption\">Lena<br \/>\nKalle<\/p>\n\t\t\t\t<\/div>\n\t\t\t\t\t\t\t<\/div>\n\t\t\t\t\t\t<div class=\"bz-gallery-item\">\n\t\t\t\t<img\n\t\t\t\t\tsrc=\"https:\/\/berlinzusammen.de\/wp-content\/uploads\/2026\/03\/BerlinZu-Kessy-Stephan-Cut-scaled.jpg\"\n\t\t\t\t\talt=\"\"\n\t\t\t\t\tloading=\"lazy\"\n\t\t\t\t\/>\n\t\t\t\t\t\t\t\t<div class=\"bz-gallery-overlay\" aria-hidden=\"true\">\n\t\t\t\t\t<p class=\"bz-gallery-caption\">Kessy<br \/>\nStephan<\/p>\n\t\t\t\t<\/div>\n\t\t\t\t\t\t\t<\/div>\n\t\t\t\t\t\t<div class=\"bz-gallery-item\">\n\t\t\t\t<img\n\t\t\t\t\tsrc=\"https:\/\/berlinzusammen.de\/wp-content\/uploads\/2026\/03\/BerlinZu-Jess-Katha-Cut-scaled.jpg\"\n\t\t\t\t\talt=\"\"\n\t\t\t\t\tloading=\"lazy\"\n\t\t\t\t\/>\n\t\t\t\t\t\t\t\t<div class=\"bz-gallery-overlay\" aria-hidden=\"true\">\n\t\t\t\t\t<p class=\"bz-gallery-caption\">Jess<br \/>\nKatharina<\/p>\n\t\t\t\t<\/div>\n\t\t\t\t\t\t\t<\/div>\n\t\t\t\t\t\t<div class=\"bz-gallery-item\">\n\t\t\t\t<img\n\t\t\t\t\tsrc=\"https:\/\/berlinzusammen.de\/wp-content\/uploads\/2026\/03\/BerlinZu-Jacque-Edgar-Cut-scaled.jpg\"\n\t\t\t\t\talt=\"\"\n\t\t\t\t\tloading=\"lazy\"\n\t\t\t\t\/>\n\t\t\t\t\t\t\t\t<div class=\"bz-gallery-overlay\" aria-hidden=\"true\">\n\t\t\t\t\t<p class=\"bz-gallery-caption\">Edgar<br \/>\nJacques<\/p>\n\t\t\t\t<\/div>\n\t\t\t\t\t\t\t<\/div>\n\t\t\t\t\t\t<div class=\"bz-gallery-item\">\n\t\t\t\t<img\n\t\t\t\t\tsrc=\"https:\/\/berlinzusammen.de\/wp-content\/uploads\/2026\/03\/BerlinZu-Ceren-Sabine-Cut-scaled.jpg\"\n\t\t\t\t\talt=\"\"\n\t\t\t\t\tloading=\"lazy\"\n\t\t\t\t\/>\n\t\t\t\t\t\t\t\t<div class=\"bz-gallery-overlay\" aria-hidden=\"true\">\n\t\t\t\t\t<p class=\"bz-gallery-caption\">Sabine<br \/>\nCeren<\/p>\n\t\t\t\t<\/div>\n\t\t\t\t\t\t\t<\/div>\n\t\t\t\t\t\t<div class=\"bz-gallery-item bz-gallery-item--more\" aria-hidden=\"true\">\n\t\t\t\t<span>Und viele mehr&nbsp;\u2026<\/span>\n\t\t\t<\/div>\n\t\t<\/div>\n\t<\/div>\n<\/div>","protected":false},"excerpt":{"rendered":"<p>Das sind wir Die Menschen hinter BerlinZusammen.&nbsp; Uns verbindet die Vorstellung eines Berlins, in dem alle Menschen gut leben k\u00f6nnen \u2013 solidarisch, demokratisch und mit echter Mitsprache \u00fcber die Zukunft der Stadt. Wir sind eine zivilgesellschaftliche Kampagne und Plattform, die die Ver\u00e4nderungsw\u00fcnsche der Stadtgesellschaft kraftvoll an die Politik herantr\u00e4gt. Einige von uns sind seit Jahren [&hellip;]<\/p>\n","protected":false},"author":1,"featured_media":0,"parent":0,"menu_order":0,"comment_status":"closed","ping_status":"closed","template":"","meta":{"_acf_changed":false,"footnotes":""},"class_list":["post-51","page","type-page","status-publish","hentry"],"acf":[],"_links":{"self":[{"href":"https:\/\/berlinzusammen.de\/vi\/wp-json\/wp\/v2\/pages\/51","targetHints":{"allow":["GET"]}}],"collection":[{"href":"https:\/\/berlinzusammen.de\/vi\/wp-json\/wp\/v2\/pages"}],"about":[{"href":"https:\/\/berlinzusammen.de\/vi\/wp-json\/wp\/v2\/types\/page"}],"author":[{"embeddable":true,"href":"https:\/\/berlinzusammen.de\/vi\/wp-json\/wp\/v2\/users\/1"}],"replies":[{"embeddable":true,"href":"https:\/\/berlinzusammen.de\/vi\/wp-json\/wp\/v2\/comments?post=51"}],"version-history":[{"count":6,"href":"https:\/\/berlinzusammen.de\/vi\/wp-json\/wp\/v2\/pages\/51\/revisions"}],"predecessor-version":[{"id":318,"href":"https:\/\/berlinzusammen.de\/vi\/wp-json\/wp\/v2\/pages\/51\/revisions\/318"}],"wp:attachment":[{"href":"https:\/\/berlinzusammen.de\/vi\/wp-json\/wp\/v2\/media?parent=51"}],"curies":[{"name":"wp","href":"https:\/\/api.w.org\/{rel}","templated":true}]}}